{"id":222,"date":"2023-01-29T00:23:58","date_gmt":"2023-01-28T23:23:58","guid":{"rendered":"https:\/\/krajka.com\/?page_id=222"},"modified":"2025-12-13T19:08:59","modified_gmt":"2025-12-13T18:08:59","slug":"publikace","status":"publish","type":"page","link":"http:\/\/krajka.com\/?page_id=222","title":{"rendered":"Publikace"},"content":{"rendered":"\t\t<div data-elementor-type=\"wp-page\" data-elementor-id=\"222\" class=\"elementor elementor-222\">\n\t\t\t\t\t\t\t\t\t<section class=\"elementor-section elementor-top-section elementor-element elementor-element-c0c3dd8 elementor-section-boxed elementor-section-height-default elementor-section-height-default\" data-id=\"c0c3dd8\" data-element_type=\"section\">\n\t\t\t\t\t\t<div class=\"elementor-container elementor-column-gap-default\">\n\t\t\t\t\t<div class=\"elementor-column elementor-col-100 elementor-top-column elementor-element elementor-element-35ca0a3\" data-id=\"35ca0a3\" data-element_type=\"column\">\n\t\t\t<div class=\"elementor-widget-wrap elementor-element-populated\">\n\t\t\t\t\t\t\t\t<div class=\"elementor-element elementor-element-3c6645b elementor-widget elementor-widget-text-editor\" data-id=\"3c6645b\" data-element_type=\"widget\" data-widget_type=\"text-editor.default\">\n\t\t\t\t<div class=\"elementor-widget-container\">\n\t\t\t<style>\/*! elementor - v3.10.1 - 17-01-2023 *\/\n.elementor-widget-text-editor.elementor-drop-cap-view-stacked .elementor-drop-cap{background-color:#818a91;color:#fff}.elementor-widget-text-editor.elementor-drop-cap-view-framed .elementor-drop-cap{color:#818a91;border:3px solid;background-color:transparent}.elementor-widget-text-editor:not(.elementor-drop-cap-view-default) .elementor-drop-cap{margin-top:8px}.elementor-widget-text-editor:not(.elementor-drop-cap-view-default) .elementor-drop-cap-letter{width:1em;height:1em}.elementor-widget-text-editor .elementor-drop-cap{float:left;text-align:center;line-height:1;font-size:50px}.elementor-widget-text-editor .elementor-drop-cap-letter{display:inline-block}<\/style>\t\t\t\t<p>Objednat m\u016f\u017eete na: <a href=\"mailto:redakce@krajka.com\">redakce@krajka.com<\/a>. Zas\u00edl\u00e1me i na dob\u00edrku. Po\u0161tovn\u00e9 nen\u00ed v cen\u011b publikac\u00ed.<\/p><p>Info und Bestellungen bei der Redaktion:\u00a0<a href=\"mailto:redakce@krajka.com\">redakce@krajka.com<\/a>. Versandkosten sind nicht inbegriffen im Preis.<\/p>\t\t\t\t\t\t<\/div>\n\t\t\t\t<\/div>\n\t\t\t\t\t<\/div>\n\t\t<\/div>\n\t\t\t\t\t\t\t<\/div>\n\t\t<\/section>\n\t\t\t\t<section class=\"elementor-section elementor-top-section elementor-element elementor-element-14456c0 elementor-section-boxed elementor-section-height-default elementor-section-height-default\" data-id=\"14456c0\" data-element_type=\"section\">\n\t\t\t\t\t\t<div class=\"elementor-container elementor-column-gap-default\">\n\t\t\t\t\t<div class=\"elementor-column elementor-col-50 elementor-top-column elementor-element elementor-element-9115b32\" data-id=\"9115b32\" data-element_type=\"column\">\n\t\t\t<div class=\"elementor-widget-wrap elementor-element-populated\">\n\t\t\t\t\t\t\t\t<div class=\"elementor-element elementor-element-925481f elementor-widget elementor-widget-image\" data-id=\"925481f\" data-element_type=\"widget\" data-widget_type=\"image.default\">\n\t\t\t\t<div class=\"elementor-widget-container\">\n\t\t\t<style>\/*! elementor - v3.10.1 - 17-01-2023 *\/\n.elementor-widget-image{text-align:center}.elementor-widget-image a{display:inline-block}.elementor-widget-image a img[src$=\".svg\"]{width:48px}.elementor-widget-image img{vertical-align:middle;display:inline-block}<\/style>\t\t\t\t\t\t\t\t\t\t\t\t<img loading=\"lazy\" decoding=\"async\" width=\"212\" height=\"300\" src=\"http:\/\/krajka.com\/wp-content\/uploads\/2025\/12\/Zverokruh-obalka-1-212x300.jpg\" class=\"attachment-medium size-medium wp-image-509\" alt=\"\" srcset=\"http:\/\/krajka.com\/wp-content\/uploads\/2025\/12\/Zverokruh-obalka-1-212x300.jpg 212w, http:\/\/krajka.com\/wp-content\/uploads\/2025\/12\/Zverokruh-obalka-1-724x1024.jpg 724w, http:\/\/krajka.com\/wp-content\/uploads\/2025\/12\/Zverokruh-obalka-1-768x1086.jpg 768w, http:\/\/krajka.com\/wp-content\/uploads\/2025\/12\/Zverokruh-obalka-1.jpg 886w\" sizes=\"auto, (max-width: 212px) 100vw, 212px\" \/>\t\t\t\t\t\t\t\t\t\t\t\t\t\t\t<\/div>\n\t\t\t\t<\/div>\n\t\t\t\t\t<\/div>\n\t\t<\/div>\n\t\t\t\t<div class=\"elementor-column elementor-col-50 elementor-top-column elementor-element elementor-element-e1f4bd4\" data-id=\"e1f4bd4\" data-element_type=\"column\">\n\t\t\t<div class=\"elementor-widget-wrap elementor-element-populated\">\n\t\t\t\t\t\t\t\t<div class=\"elementor-element elementor-element-78837f7 elementor-widget elementor-widget-text-editor\" data-id=\"78837f7\" data-element_type=\"widget\" data-widget_type=\"text-editor.default\">\n\t\t\t\t<div class=\"elementor-widget-container\">\n\t\t\t\t\t\t\t<p><span style=\"color: #00ccff;\"><strong><span style=\"color: #3366ff;\">Zv\u011brokruh<br \/><\/span><\/strong><\/span>Soubor podvink\u016f od Dany Beranov\u00e9 (s popisy).<br \/><strong>Cena: 150 K\u010d<\/strong><\/p><p><strong>Preis: 6 \u20ac<\/strong><\/p>\t\t\t\t\t\t<\/div>\n\t\t\t\t<\/div>\n\t\t\t\t\t<\/div>\n\t\t<\/div>\n\t\t\t\t\t\t\t<\/div>\n\t\t<\/section>\n\t\t\t\t<section class=\"elementor-section elementor-top-section elementor-element elementor-element-09c6d67 elementor-section-boxed elementor-section-height-default elementor-section-height-default\" data-id=\"09c6d67\" data-element_type=\"section\">\n\t\t\t\t\t\t<div class=\"elementor-container elementor-column-gap-default\">\n\t\t\t\t\t<div class=\"elementor-column elementor-col-50 elementor-top-column elementor-element elementor-element-cd7d050\" data-id=\"cd7d050\" data-element_type=\"column\">\n\t\t\t<div class=\"elementor-widget-wrap elementor-element-populated\">\n\t\t\t\t\t\t\t\t<div class=\"elementor-element elementor-element-dc3816b elementor-widget elementor-widget-image\" data-id=\"dc3816b\" data-element_type=\"widget\" data-widget_type=\"image.default\">\n\t\t\t\t<div class=\"elementor-widget-container\">\n\t\t\t\t\t\t\t\t\t\t\t\t\t\t\t<img loading=\"lazy\" decoding=\"async\" width=\"640\" height=\"901\" src=\"http:\/\/krajka.com\/wp-content\/uploads\/2025\/12\/milca-kalendar-2026-727x1024.jpg\" class=\"attachment-large size-large wp-image-516\" alt=\"\" srcset=\"http:\/\/krajka.com\/wp-content\/uploads\/2025\/12\/milca-kalendar-2026-727x1024.jpg 727w, http:\/\/krajka.com\/wp-content\/uploads\/2025\/12\/milca-kalendar-2026-213x300.jpg 213w, http:\/\/krajka.com\/wp-content\/uploads\/2025\/12\/milca-kalendar-2026-768x1082.jpg 768w, http:\/\/krajka.com\/wp-content\/uploads\/2025\/12\/milca-kalendar-2026.jpg 838w\" sizes=\"auto, (max-width: 640px) 100vw, 640px\" \/>\t\t\t\t\t\t\t\t\t\t\t\t\t\t\t<\/div>\n\t\t\t\t<\/div>\n\t\t\t\t\t<\/div>\n\t\t<\/div>\n\t\t\t\t<div class=\"elementor-column elementor-col-50 elementor-top-column elementor-element elementor-element-ad40d6f\" data-id=\"ad40d6f\" data-element_type=\"column\">\n\t\t\t<div class=\"elementor-widget-wrap elementor-element-populated\">\n\t\t\t\t\t\t\t\t<div class=\"elementor-element elementor-element-663a39d elementor-widget elementor-widget-text-editor\" data-id=\"663a39d\" data-element_type=\"widget\" data-widget_type=\"text-editor.default\">\n\t\t\t\t<div class=\"elementor-widget-container\">\n\t\t\t\t\t\t\t<p><span style=\"color: #00ccff;\"><strong><span style=\"color: #3366ff;\">Kalend\u00e1\u0159 &#8211; Mil\u010da Eremi\u00e1\u0161ov\u00e1<\/span><br \/><\/strong><\/span>Dvoum\u011bs\u00ed\u010dn\u00ed kalend\u00e1\u0159 na rok 2026.<br \/><strong>Cena: <br \/><\/strong><strong>kalend\u00e1\u0159 &#8211; 100 K\u010d<br \/>podvinky &#8211; 100 K\u010d<\/strong><\/p><p><strong>Preis: 4 \u20ac\u00a0+ 4 \u20ac<\/strong><\/p>\t\t\t\t\t\t<\/div>\n\t\t\t\t<\/div>\n\t\t\t\t\t<\/div>\n\t\t<\/div>\n\t\t\t\t\t\t\t<\/div>\n\t\t<\/section>\n\t\t\t\t<section class=\"elementor-section elementor-top-section elementor-element elementor-element-74a5999 elementor-section-boxed elementor-section-height-default elementor-section-height-default\" data-id=\"74a5999\" data-element_type=\"section\">\n\t\t\t\t\t\t<div class=\"elementor-container elementor-column-gap-default\">\n\t\t\t\t\t<div class=\"elementor-column elementor-col-50 elementor-top-column elementor-element elementor-element-f93d104\" data-id=\"f93d104\" data-element_type=\"column\">\n\t\t\t<div class=\"elementor-widget-wrap\">\n\t\t\t\t\t\t\t\t\t<\/div>\n\t\t<\/div>\n\t\t\t\t<div class=\"elementor-column elementor-col-50 elementor-top-column elementor-element elementor-element-308cb99\" data-id=\"308cb99\" data-element_type=\"column\">\n\t\t\t<div class=\"elementor-widget-wrap elementor-element-populated\">\n\t\t\t\t\t\t\t\t<div class=\"elementor-element elementor-element-92ccbf9 elementor-widget elementor-widget-text-editor\" data-id=\"92ccbf9\" data-element_type=\"widget\" data-widget_type=\"text-editor.default\">\n\t\t\t\t<div class=\"elementor-widget-container\">\n\t\t\t\t\t\t\t\t\t\t\t\t\t<\/div>\n\t\t\t\t<\/div>\n\t\t\t\t\t<\/div>\n\t\t<\/div>\n\t\t\t\t\t\t\t<\/div>\n\t\t<\/section>\n\t\t\t\t<section class=\"elementor-section elementor-top-section elementor-element elementor-element-26277d7 elementor-section-boxed elementor-section-height-default elementor-section-height-default\" data-id=\"26277d7\" data-element_type=\"section\">\n\t\t\t\t\t\t<div class=\"elementor-container elementor-column-gap-default\">\n\t\t\t\t\t<div class=\"elementor-column elementor-col-33 elementor-top-column elementor-element elementor-element-0d19353\" data-id=\"0d19353\" data-element_type=\"column\">\n\t\t\t<div class=\"elementor-widget-wrap elementor-element-populated\">\n\t\t\t\t\t\t\t\t<div class=\"elementor-element elementor-element-22f006f elementor-widget elementor-widget-image\" data-id=\"22f006f\" data-element_type=\"widget\" data-widget_type=\"image.default\">\n\t\t\t\t<div class=\"elementor-widget-container\">\n\t\t\t\t\t\t\t\t\t\t\t\t\t\t\t<img loading=\"lazy\" decoding=\"async\" width=\"204\" height=\"283\" src=\"http:\/\/krajka.com\/wp-content\/uploads\/2023\/07\/milca2.jpg\" class=\"attachment-medium size-medium wp-image-306\" alt=\"\" \/>\t\t\t\t\t\t\t\t\t\t\t\t\t\t\t<\/div>\n\t\t\t\t<\/div>\n\t\t\t\t\t<\/div>\n\t\t<\/div>\n\t\t\t\t<div class=\"elementor-column elementor-col-66 elementor-top-column elementor-element elementor-element-c6f3977\" data-id=\"c6f3977\" data-element_type=\"column\">\n\t\t\t<div class=\"elementor-widget-wrap elementor-element-populated\">\n\t\t\t\t\t\t\t\t<div class=\"elementor-element elementor-element-2ba0411 elementor-widget elementor-widget-text-editor\" data-id=\"2ba0411\" data-element_type=\"widget\" data-widget_type=\"text-editor.default\">\n\t\t\t\t<div class=\"elementor-widget-container\">\n\t\t\t\t\t\t\t<p><span style=\"color: #00ccff;\"><strong><span style=\"color: #3366ff;\">Mil\u010da Eremi\u00e1\u0161ov\u00e1<\/span><br \/><\/strong><\/span>Pokra\u010dov\u00e1n\u00ed publikace \u0158e\u010d krajky. Fotografie prac\u00ed z let 2002-2012.<br \/><strong>Cena: 200 K\u010d<\/strong><\/p><p><strong>Preis: 8 \u20ac<\/strong><\/p>\t\t\t\t\t\t<\/div>\n\t\t\t\t<\/div>\n\t\t\t\t\t<\/div>\n\t\t<\/div>\n\t\t\t\t\t\t\t<\/div>\n\t\t<\/section>\n\t\t\t\t<section class=\"elementor-section elementor-top-section elementor-element elementor-element-8ea82f7 elementor-section-boxed elementor-section-height-default elementor-section-height-default\" data-id=\"8ea82f7\" data-element_type=\"section\" data-settings=\"{&quot;background_background&quot;:&quot;classic&quot;}\">\n\t\t\t\t\t\t\t<div class=\"elementor-background-overlay\"><\/div>\n\t\t\t\t\t\t\t<div class=\"elementor-container elementor-column-gap-default\">\n\t\t\t\t\t<div class=\"elementor-column elementor-col-33 elementor-top-column elementor-element elementor-element-1ae18a8\" data-id=\"1ae18a8\" data-element_type=\"column\">\n\t\t\t<div class=\"elementor-widget-wrap elementor-element-populated\">\n\t\t\t\t\t\t\t\t<div class=\"elementor-element elementor-element-f4ce087 elementor-widget elementor-widget-image\" data-id=\"f4ce087\" data-element_type=\"widget\" data-widget_type=\"image.default\">\n\t\t\t\t<div class=\"elementor-widget-container\">\n\t\t\t\t\t\t\t\t\t\t\t\t\t\t\t<img loading=\"lazy\" decoding=\"async\" width=\"300\" height=\"415\" src=\"http:\/\/krajka.com\/wp-content\/uploads\/2023\/07\/milca-titul.jpg\" class=\"attachment-large size-large wp-image-391\" alt=\"\" srcset=\"http:\/\/krajka.com\/wp-content\/uploads\/2023\/07\/milca-titul.jpg 300w, http:\/\/krajka.com\/wp-content\/uploads\/2023\/07\/milca-titul-217x300.jpg 217w\" sizes=\"auto, (max-width: 300px) 100vw, 300px\" \/>\t\t\t\t\t\t\t\t\t\t\t\t\t\t\t<\/div>\n\t\t\t\t<\/div>\n\t\t\t\t\t<\/div>\n\t\t<\/div>\n\t\t\t\t<div class=\"elementor-column elementor-col-66 elementor-top-column elementor-element elementor-element-f280616\" data-id=\"f280616\" data-element_type=\"column\">\n\t\t\t<div class=\"elementor-widget-wrap elementor-element-populated\">\n\t\t\t\t\t\t\t\t<div class=\"elementor-element elementor-element-d1964c9 elementor-widget elementor-widget-text-editor\" data-id=\"d1964c9\" data-element_type=\"widget\" data-widget_type=\"text-editor.default\">\n\t\t\t\t<div class=\"elementor-widget-container\">\n\t\t\t\t\t\t\t<p><span style=\"color: #3366ff;\"><strong>Mil\u010da Eremi\u00e1\u0161ov\u00e1 \u2013 \u0158e\u010d krajky<\/strong><\/span><br \/>Monografie Mil\u010di Eremi\u00e1\u0161ov\u00e9. Anna Hal\u00edkov\u00e1. (Recenze J. Zajonce v\u00a0Krajce 3\/04.)<br \/><strong>Cena: 290 K\u010d<\/strong><\/p><p><strong>Mil\u010da Eremi\u00e1\u0161ov\u00e1 \u2013 Die Sprache der Spitzen<br \/><\/strong>Eine Monografie \u00fcber Mil\u010da Eremi\u00e1\u0161ov\u00e1. (Die Rezension von J. Zajonc erschien in Krajka 3\/04.)<br \/><strong>Preis: 12 \u20ac<\/strong><\/p><hr \/>\t\t\t\t\t\t<\/div>\n\t\t\t\t<\/div>\n\t\t\t\t\t<\/div>\n\t\t<\/div>\n\t\t\t\t\t\t\t<\/div>\n\t\t<\/section>\n\t\t\t\t<section class=\"elementor-section elementor-top-section elementor-element elementor-element-78ffef6 elementor-section-boxed elementor-section-height-default elementor-section-height-default\" data-id=\"78ffef6\" data-element_type=\"section\">\n\t\t\t\t\t\t<div class=\"elementor-container elementor-column-gap-default\">\n\t\t\t\t\t<div class=\"elementor-column elementor-col-33 elementor-top-column elementor-element elementor-element-4bb3d03\" data-id=\"4bb3d03\" data-element_type=\"column\">\n\t\t\t<div class=\"elementor-widget-wrap elementor-element-populated\">\n\t\t\t\t\t\t\t\t<div class=\"elementor-element elementor-element-4f407df elementor-widget elementor-widget-image\" data-id=\"4f407df\" data-element_type=\"widget\" data-widget_type=\"image.default\">\n\t\t\t\t<div class=\"elementor-widget-container\">\n\t\t\t\t\t\t\t\t\t\t\t\t\t\t\t<img loading=\"lazy\" decoding=\"async\" width=\"283\" height=\"405\" src=\"http:\/\/krajka.com\/wp-content\/uploads\/2023\/07\/Dolezal_web-1.jpg\" class=\"attachment-large size-large wp-image-346\" alt=\"\" srcset=\"http:\/\/krajka.com\/wp-content\/uploads\/2023\/07\/Dolezal_web-1.jpg 283w, http:\/\/krajka.com\/wp-content\/uploads\/2023\/07\/Dolezal_web-1-210x300.jpg 210w\" sizes=\"auto, (max-width: 283px) 100vw, 283px\" \/>\t\t\t\t\t\t\t\t\t\t\t\t\t\t\t<\/div>\n\t\t\t\t<\/div>\n\t\t\t\t\t<\/div>\n\t\t<\/div>\n\t\t\t\t<div class=\"elementor-column elementor-col-66 elementor-top-column elementor-element elementor-element-ee6aed8\" data-id=\"ee6aed8\" data-element_type=\"column\">\n\t\t\t<div class=\"elementor-widget-wrap elementor-element-populated\">\n\t\t\t\t\t\t\t\t<div class=\"elementor-element elementor-element-00a6cd2 elementor-widget elementor-widget-text-editor\" data-id=\"00a6cd2\" data-element_type=\"widget\" data-widget_type=\"text-editor.default\">\n\t\t\t\t<div class=\"elementor-widget-container\">\n\t\t\t\t\t\t\t<p><strong><span style=\"color: #3366ff;\">Tanec pali\u010dek<\/span><br \/><\/strong>Barevn\u00e1 publikace k v\u00fdro\u010d\u00ed Zde\u0148ka Dole\u017eala, 84 stran, fotografie obrazov\u00fdch krajek.<br \/><strong>Cena: publikace 200 K\u010d, <\/strong><strong>podvinky 550 K\u010d<\/strong><\/p><p><strong>Preis:\u00a08 \u20ac<\/strong><strong><br \/>Kl\u00f6ppelbriefe: 22 \u20ac<\/strong><\/p>\t\t\t\t\t\t<\/div>\n\t\t\t\t<\/div>\n\t\t\t\t\t<\/div>\n\t\t<\/div>\n\t\t\t\t\t\t\t<\/div>\n\t\t<\/section>\n\t\t\t\t<section class=\"elementor-section elementor-top-section elementor-element elementor-element-c303ae4 elementor-section-boxed elementor-section-height-default elementor-section-height-default\" data-id=\"c303ae4\" data-element_type=\"section\">\n\t\t\t\t\t\t<div class=\"elementor-container elementor-column-gap-default\">\n\t\t\t\t\t<div class=\"elementor-column elementor-col-33 elementor-top-column elementor-element elementor-element-3c4c9d2\" data-id=\"3c4c9d2\" data-element_type=\"column\">\n\t\t\t<div class=\"elementor-widget-wrap elementor-element-populated\">\n\t\t\t\t\t\t\t\t<div class=\"elementor-element elementor-element-7dbf326 elementor-widget elementor-widget-image\" data-id=\"7dbf326\" data-element_type=\"widget\" data-widget_type=\"image.default\">\n\t\t\t\t<div class=\"elementor-widget-container\">\n\t\t\t\t\t\t\t\t\t\t\t\t\t\t\t<img loading=\"lazy\" decoding=\"async\" width=\"212\" height=\"300\" src=\"http:\/\/krajka.com\/wp-content\/uploads\/2023\/07\/pudice-II-212x300.jpg\" class=\"attachment-medium size-medium wp-image-318\" alt=\"\" srcset=\"http:\/\/krajka.com\/wp-content\/uploads\/2023\/07\/pudice-II-212x300.jpg 212w, http:\/\/krajka.com\/wp-content\/uploads\/2023\/07\/pudice-II.jpg 266w\" sizes=\"auto, (max-width: 212px) 100vw, 212px\" \/>\t\t\t\t\t\t\t\t\t\t\t\t\t\t\t<\/div>\n\t\t\t\t<\/div>\n\t\t\t\t\t<\/div>\n\t\t<\/div>\n\t\t\t\t<div class=\"elementor-column elementor-col-66 elementor-top-column elementor-element elementor-element-4ecbb2b\" data-id=\"4ecbb2b\" data-element_type=\"column\">\n\t\t\t<div class=\"elementor-widget-wrap elementor-element-populated\">\n\t\t\t\t\t\t\t\t<div class=\"elementor-element elementor-element-b939625 elementor-widget elementor-widget-text-editor\" data-id=\"b939625\" data-element_type=\"widget\" data-widget_type=\"text-editor.default\">\n\t\t\t\t<div class=\"elementor-widget-container\">\n\t\t\t\t\t\t\t<p><span style=\"color: #3366ff;\"><strong>P\u016fdice II. &#8211; slo\u017eit\u00e9 p\u016fdice podle Zde\u0148ka Dole\u017eala a jejich varianty<\/strong><\/span><br \/>Kreslen\u00e1 u\u010debnice pali\u010dkov\u00e1n\u00ed s podrobn\u00fdmi n\u00e1vody na jednotliv\u00e9 techniky a cvi\u010dn\u00fdmi podvinky (autorka ak. mal. Alina Ja\u0161kov\u00e1).<br \/><strong>Cena: 125 K\u010d<\/strong><\/p><p><strong>Grunde II. &#8211; <\/strong><strong><span style=\"font-family: 'Arial',sans-serif; color: #7a7a7a;\">schwierige Gr\u00fcnde nach Zden\u011bk Dole\u017eal und ihre Varianten<br \/><\/span><\/strong>Kl\u00f6ppeln &#8211; Lehrb\u00fccher mit Detailzeichnungen von einzelnen Techniken und mit \u00dcbungskl\u00f6ppelbriefen Autorin: Kunstmalerin Alina Ja\u0161kov\u00e1<br \/><strong>Preis: 5 \u20ac<\/strong><\/p>\t\t\t\t\t\t<\/div>\n\t\t\t\t<\/div>\n\t\t\t\t\t<\/div>\n\t\t<\/div>\n\t\t\t\t\t\t\t<\/div>\n\t\t<\/section>\n\t\t\t\t<section class=\"elementor-section elementor-top-section elementor-element elementor-element-fe77267 elementor-section-boxed elementor-section-height-default elementor-section-height-default\" data-id=\"fe77267\" data-element_type=\"section\">\n\t\t\t\t\t\t<div class=\"elementor-container elementor-column-gap-default\">\n\t\t\t\t\t<div class=\"elementor-column elementor-col-33 elementor-top-column elementor-element elementor-element-5305234\" data-id=\"5305234\" data-element_type=\"column\">\n\t\t\t<div class=\"elementor-widget-wrap elementor-element-populated\">\n\t\t\t\t\t\t\t\t<div class=\"elementor-element elementor-element-57b6f7c elementor-widget elementor-widget-image\" data-id=\"57b6f7c\" data-element_type=\"widget\" data-widget_type=\"image.default\">\n\t\t\t\t<div class=\"elementor-widget-container\">\n\t\t\t\t\t\t\t\t\t\t\t\t\t\t\t<img loading=\"lazy\" decoding=\"async\" width=\"195\" height=\"277\" src=\"http:\/\/krajka.com\/wp-content\/uploads\/2023\/07\/palickovani6.jpg\" class=\"attachment-medium size-medium wp-image-315\" alt=\"\" \/>\t\t\t\t\t\t\t\t\t\t\t\t\t\t\t<\/div>\n\t\t\t\t<\/div>\n\t\t\t\t\t<\/div>\n\t\t<\/div>\n\t\t\t\t<div class=\"elementor-column elementor-col-66 elementor-top-column elementor-element elementor-element-4796405\" data-id=\"4796405\" data-element_type=\"column\">\n\t\t\t<div class=\"elementor-widget-wrap elementor-element-populated\">\n\t\t\t\t\t\t\t\t<div class=\"elementor-element elementor-element-9409de6 elementor-widget elementor-widget-text-editor\" data-id=\"9409de6\" data-element_type=\"widget\" data-widget_type=\"text-editor.default\">\n\t\t\t\t<div class=\"elementor-widget-container\">\n\t\t\t\t\t\t\t<p><span style=\"color: #3366ff;\"><strong>Vl\u00e1\u010dkov\u00e1 krajka<\/strong><\/span><br \/>Kreslen\u00e1 u\u010debnice pali\u010dkov\u00e1n\u00ed s podrobn\u00fdmi n\u00e1vody na jednotliv\u00e9 techniky a cvi\u010dn\u00fdmi podvinky (autorka ak. mal. Alina Ja\u0161kov\u00e1).<br \/><strong>Cena: 125 K\u010d<\/strong><\/p><p style=\"background: white; vertical-align: baseline; margin: 0cm 0cm 18.0pt 0cm;\"><strong><span style=\"font-family: 'Arial',sans-serif; color: #7a7a7a;\">T\u00fcllspitzen<br \/><\/span><\/strong>Kl\u00f6ppeln &#8211; Lehrb\u00fccher mit Detailzeichnungen von einzelnen Techniken und mit \u00dcbungskl\u00f6ppelbriefen Autorin: Kunstmalerin Alina Ja\u0161kov\u00e1<br \/><strong>Preis: 5 \u20ac<\/strong><\/p>\t\t\t\t\t\t<\/div>\n\t\t\t\t<\/div>\n\t\t\t\t\t<\/div>\n\t\t<\/div>\n\t\t\t\t\t\t\t<\/div>\n\t\t<\/section>\n\t\t\t\t<section class=\"elementor-section elementor-top-section elementor-element elementor-element-482e209 elementor-section-boxed elementor-section-height-default elementor-section-height-default\" data-id=\"482e209\" data-element_type=\"section\">\n\t\t\t\t\t\t<div class=\"elementor-container elementor-column-gap-default\">\n\t\t\t\t\t<div class=\"elementor-column elementor-col-33 elementor-top-column elementor-element elementor-element-81ed8d7\" data-id=\"81ed8d7\" data-element_type=\"column\">\n\t\t\t<div class=\"elementor-widget-wrap elementor-element-populated\">\n\t\t\t\t\t\t\t\t<div class=\"elementor-element elementor-element-96fe639 elementor-widget elementor-widget-image\" data-id=\"96fe639\" data-element_type=\"widget\" data-widget_type=\"image.default\">\n\t\t\t\t<div class=\"elementor-widget-container\">\n\t\t\t\t\t\t\t\t\t\t\t\t\t\t\t<img loading=\"lazy\" decoding=\"async\" width=\"201\" height=\"279\" src=\"http:\/\/krajka.com\/wp-content\/uploads\/2023\/07\/palickovani5.jpg\" class=\"attachment-medium size-medium wp-image-314\" alt=\"\" \/>\t\t\t\t\t\t\t\t\t\t\t\t\t\t\t<\/div>\n\t\t\t\t<\/div>\n\t\t\t\t\t<\/div>\n\t\t<\/div>\n\t\t\t\t<div class=\"elementor-column elementor-col-66 elementor-top-column elementor-element elementor-element-3abd732\" data-id=\"3abd732\" data-element_type=\"column\">\n\t\t\t<div class=\"elementor-widget-wrap elementor-element-populated\">\n\t\t\t\t\t\t\t\t<div class=\"elementor-element elementor-element-6564f07 elementor-widget elementor-widget-text-editor\" data-id=\"6564f07\" data-element_type=\"widget\" data-widget_type=\"text-editor.default\">\n\t\t\t\t<div class=\"elementor-widget-container\">\n\t\t\t\t\t\t\t<p><span style=\"color: #3366ff;\"><strong>\u0158et\u00edzkov\u00e1 krajka a c\u00edpky<\/strong><\/span><br \/>Kreslen\u00e1 u\u010debnice pali\u010dkov\u00e1n\u00ed s podrobn\u00fdmi n\u00e1vody na jednotliv\u00e9 techniky a cvi\u010dn\u00fdmi podvinky (autorka ak. mal. Alina Ja\u0161kov\u00e1).<br \/><strong>Cena: 125 K\u010d<\/strong><\/p><p style=\"background: white; vertical-align: baseline; margin: 0cm 0cm 18.0pt 0cm;\"><strong><span style=\"font-family: 'Arial',sans-serif; color: #7a7a7a;\">Flechtenspitzen und Zacken<br \/><\/span><\/strong>Kl\u00f6ppeln &#8211; Lehrb\u00fccher mit Detailzeichnungen von einzelnen Techniken und mit \u00dcbungskl\u00f6ppelbriefen Autorin: Kunstmalerin Alina Ja\u0161kov\u00e1<br \/><strong>Preis: 5 \u20ac<\/strong><\/p>\t\t\t\t\t\t<\/div>\n\t\t\t\t<\/div>\n\t\t\t\t\t<\/div>\n\t\t<\/div>\n\t\t\t\t\t\t\t<\/div>\n\t\t<\/section>\n\t\t\t\t<section class=\"elementor-section elementor-top-section elementor-element elementor-element-bfcc728 elementor-section-boxed elementor-section-height-default elementor-section-height-default\" data-id=\"bfcc728\" data-element_type=\"section\">\n\t\t\t\t\t\t<div class=\"elementor-container elementor-column-gap-default\">\n\t\t\t\t\t<div class=\"elementor-column elementor-col-33 elementor-top-column elementor-element elementor-element-4e6c2cc\" data-id=\"4e6c2cc\" data-element_type=\"column\">\n\t\t\t<div class=\"elementor-widget-wrap elementor-element-populated\">\n\t\t\t\t\t\t\t\t<div class=\"elementor-element elementor-element-fd037f2 elementor-widget elementor-widget-image\" data-id=\"fd037f2\" data-element_type=\"widget\" data-widget_type=\"image.default\">\n\t\t\t\t<div class=\"elementor-widget-container\">\n\t\t\t\t\t\t\t\t\t\t\t\t\t\t\t<img loading=\"lazy\" decoding=\"async\" width=\"195\" height=\"277\" src=\"http:\/\/krajka.com\/wp-content\/uploads\/2023\/07\/ucebnice.jpg\" class=\"attachment-medium size-medium wp-image-321\" alt=\"\" \/>\t\t\t\t\t\t\t\t\t\t\t\t\t\t\t<\/div>\n\t\t\t\t<\/div>\n\t\t\t\t\t<\/div>\n\t\t<\/div>\n\t\t\t\t<div class=\"elementor-column elementor-col-66 elementor-top-column elementor-element elementor-element-21cc541\" data-id=\"21cc541\" data-element_type=\"column\">\n\t\t\t<div class=\"elementor-widget-wrap elementor-element-populated\">\n\t\t\t\t\t\t\t\t<div class=\"elementor-element elementor-element-a017b11 elementor-widget elementor-widget-text-editor\" data-id=\"a017b11\" data-element_type=\"widget\" data-widget_type=\"text-editor.default\">\n\t\t\t\t<div class=\"elementor-widget-container\">\n\t\t\t\t\t\t\t<p><span style=\"color: #3366ff;\"><strong>Ozdobn\u00e9 prvky<\/strong><\/span><br \/>Kreslen\u00e1 u\u010debnice pali\u010dkov\u00e1n\u00ed s podrobn\u00fdmi n\u00e1vody na jednotliv\u00e9 techniky a cvi\u010dn\u00fdmi podvinky (autorka ak. mal. Alina Ja\u0161kov\u00e1).<br \/><strong>Cena: 125 K\u010d<\/strong><\/p><p style=\"background: white; vertical-align: baseline; margin: 0cm 0cm 18.0pt 0cm;\"><strong><span style=\"font-family: 'Arial',sans-serif; color: #7a7a7a;\">Zierelemente<br \/><\/span><\/strong>Kl\u00f6ppeln &#8211; Lehrb\u00fccher mit Detailzeichnungen von einzelnen Techniken und mit \u00dcbungskl\u00f6ppelbriefen Autorin: Kunstmalerin Alina Ja\u0161kov\u00e1<br \/><strong>Preis: 5 \u20ac<\/strong><\/p>\t\t\t\t\t\t<\/div>\n\t\t\t\t<\/div>\n\t\t\t\t\t<\/div>\n\t\t<\/div>\n\t\t\t\t\t\t\t<\/div>\n\t\t<\/section>\n\t\t\t\t<section class=\"elementor-section elementor-top-section elementor-element elementor-element-f131c9a elementor-section-boxed elementor-section-height-default elementor-section-height-default\" data-id=\"f131c9a\" data-element_type=\"section\">\n\t\t\t\t\t\t<div class=\"elementor-container elementor-column-gap-default\">\n\t\t\t\t\t<div class=\"elementor-column elementor-col-33 elementor-top-column elementor-element elementor-element-4dd823b\" data-id=\"4dd823b\" data-element_type=\"column\">\n\t\t\t<div class=\"elementor-widget-wrap elementor-element-populated\">\n\t\t\t\t\t\t\t\t<div class=\"elementor-element elementor-element-4207cd1 elementor-widget elementor-widget-image\" data-id=\"4207cd1\" data-element_type=\"widget\" data-widget_type=\"image.default\">\n\t\t\t\t<div class=\"elementor-widget-container\">\n\t\t\t\t\t\t\t\t\t\t\t\t\t\t\t<img loading=\"lazy\" decoding=\"async\" width=\"201\" height=\"279\" src=\"http:\/\/krajka.com\/wp-content\/uploads\/2023\/07\/palickovani2.jpg\" class=\"attachment-medium size-medium wp-image-312\" alt=\"\" \/>\t\t\t\t\t\t\t\t\t\t\t\t\t\t\t<\/div>\n\t\t\t\t<\/div>\n\t\t\t\t\t<\/div>\n\t\t<\/div>\n\t\t\t\t<div class=\"elementor-column elementor-col-66 elementor-top-column elementor-element elementor-element-6b6d6aa\" data-id=\"6b6d6aa\" data-element_type=\"column\">\n\t\t\t<div class=\"elementor-widget-wrap elementor-element-populated\">\n\t\t\t\t\t\t\t\t<div class=\"elementor-element elementor-element-2861b3f elementor-widget elementor-widget-text-editor\" data-id=\"2861b3f\" data-element_type=\"widget\" data-widget_type=\"text-editor.default\">\n\t\t\t\t<div class=\"elementor-widget-container\">\n\t\t\t\t\t\t\t<p><span style=\"color: #3366ff;\"><strong>P\u016fdice<\/strong><\/span><br \/>Kreslen\u00e1 u\u010debnice pali\u010dkov\u00e1n\u00ed s podrobn\u00fdmi n\u00e1vody na jednotliv\u00e9 techniky a cvi\u010dn\u00fdmi podvinky (autorka ak. mal. Alina Ja\u0161kov\u00e1).<br \/><strong>Cena: 125 K\u010d<\/strong><\/p><p><strong>Gr\u00fcnde<\/strong><br \/>Kl\u00f6ppeln &#8211; Lehrb\u00fccher mit Detailzeichnungen von einzelnen Techniken und mit \u00dcbungskl\u00f6ppelbriefen Autorin: Kunstmalerin Alina Ja\u0161kov\u00e1<br \/><strong>Preis: 5 \u20ac<\/strong><\/p>\t\t\t\t\t\t<\/div>\n\t\t\t\t<\/div>\n\t\t\t\t\t<\/div>\n\t\t<\/div>\n\t\t\t\t\t\t\t<\/div>\n\t\t<\/section>\n\t\t\t\t<section class=\"elementor-section elementor-top-section elementor-element elementor-element-c846293 elementor-section-boxed elementor-section-height-default elementor-section-height-default\" data-id=\"c846293\" data-element_type=\"section\">\n\t\t\t\t\t\t<div class=\"elementor-container elementor-column-gap-default\">\n\t\t\t\t\t<div class=\"elementor-column elementor-col-33 elementor-top-column elementor-element elementor-element-90a800f\" data-id=\"90a800f\" data-element_type=\"column\">\n\t\t\t<div class=\"elementor-widget-wrap elementor-element-populated\">\n\t\t\t\t\t\t\t\t<div class=\"elementor-element elementor-element-4197bcf elementor-widget elementor-widget-image\" data-id=\"4197bcf\" data-element_type=\"widget\" data-widget_type=\"image.default\">\n\t\t\t\t<div class=\"elementor-widget-container\">\n\t\t\t\t\t\t\t\t\t\t\t\t\t\t\t<img loading=\"lazy\" decoding=\"async\" width=\"195\" height=\"277\" src=\"http:\/\/krajka.com\/wp-content\/uploads\/2023\/07\/palickovani3.jpg\" class=\"attachment-medium size-medium wp-image-313\" alt=\"\" \/>\t\t\t\t\t\t\t\t\t\t\t\t\t\t\t<\/div>\n\t\t\t\t<\/div>\n\t\t\t\t\t<\/div>\n\t\t<\/div>\n\t\t\t\t<div class=\"elementor-column elementor-col-66 elementor-top-column elementor-element elementor-element-594533a\" data-id=\"594533a\" data-element_type=\"column\">\n\t\t\t<div class=\"elementor-widget-wrap elementor-element-populated\">\n\t\t\t\t\t\t\t\t<div class=\"elementor-element elementor-element-9359248 elementor-widget elementor-widget-text-editor\" data-id=\"9359248\" data-element_type=\"widget\" data-widget_type=\"text-editor.default\">\n\t\t\t\t<div class=\"elementor-widget-container\">\n\t\t\t\t\t\t\t<p style=\"background: white; vertical-align: baseline; margin: 0cm 0cm 18.0pt 0cm;\"><span style=\"color: #3366ff;\"><strong><span style=\"font-family: Arial, sans-serif;\">P\u00e1skov\u00e1 krajka<br \/><\/span><\/strong><\/span>Kreslen\u00e1 u\u010debnice pali\u010dkov\u00e1n\u00ed s podrobn\u00fdmi n\u00e1vody na jednotliv\u00e9 techniky a cvi\u010dn\u00fdmi podvinky (autorka ak. mal. Alina Ja\u0161kov\u00e1).<br \/><strong>Cena: 125 K\u010d<\/strong><\/p><p><strong><span style=\"font-family: 'Arial',sans-serif; color: #7a7a7a;\">B\u00e4ndchenspitzen<\/span><\/strong><br \/>Kl\u00f6ppeln &#8211; Lehrb\u00fccher mit Detailzeichnungen von einzelnen Techniken und mit \u00dcbungskl\u00f6ppelbriefen Autorin: Kunstmalerin Alina Ja\u0161kov\u00e1<br \/><strong>Preis: 5 \u20ac<\/strong><\/p>\t\t\t\t\t\t<\/div>\n\t\t\t\t<\/div>\n\t\t\t\t\t<\/div>\n\t\t<\/div>\n\t\t\t\t\t\t\t<\/div>\n\t\t<\/section>\n\t\t\t\t<section class=\"elementor-section elementor-top-section elementor-element elementor-element-8b476b8 elementor-section-boxed elementor-section-height-default elementor-section-height-default\" data-id=\"8b476b8\" data-element_type=\"section\">\n\t\t\t\t\t\t<div class=\"elementor-container elementor-column-gap-default\">\n\t\t\t\t\t<div class=\"elementor-column elementor-col-33 elementor-top-column elementor-element elementor-element-ca03ccd\" data-id=\"ca03ccd\" data-element_type=\"column\">\n\t\t\t<div class=\"elementor-widget-wrap elementor-element-populated\">\n\t\t\t\t\t\t\t\t<div class=\"elementor-element elementor-element-692b9f5 elementor-widget elementor-widget-image\" data-id=\"692b9f5\" data-element_type=\"widget\" data-widget_type=\"image.default\">\n\t\t\t\t<div class=\"elementor-widget-container\">\n\t\t\t\t\t\t\t\t\t\t\t\t\t\t\t<img loading=\"lazy\" decoding=\"async\" width=\"213\" height=\"300\" src=\"http:\/\/krajka.com\/wp-content\/uploads\/2023\/07\/palickovani1-213x300.jpg\" class=\"attachment-medium size-medium wp-image-311\" alt=\"\" srcset=\"http:\/\/krajka.com\/wp-content\/uploads\/2023\/07\/palickovani1-213x300.jpg 213w, http:\/\/krajka.com\/wp-content\/uploads\/2023\/07\/palickovani1.jpg 567w\" sizes=\"auto, (max-width: 213px) 100vw, 213px\" \/>\t\t\t\t\t\t\t\t\t\t\t\t\t\t\t<\/div>\n\t\t\t\t<\/div>\n\t\t\t\t\t<\/div>\n\t\t<\/div>\n\t\t\t\t<div class=\"elementor-column elementor-col-66 elementor-top-column elementor-element elementor-element-4925755\" data-id=\"4925755\" data-element_type=\"column\">\n\t\t\t<div class=\"elementor-widget-wrap elementor-element-populated\">\n\t\t\t\t\t\t\t\t<div class=\"elementor-element elementor-element-8e562e1 elementor-widget elementor-widget-text-editor\" data-id=\"8e562e1\" data-element_type=\"widget\" data-widget_type=\"text-editor.default\">\n\t\t\t\t<div class=\"elementor-widget-container\">\n\t\t\t\t\t\t\t<p><span style=\"color: #3366ff;\"><b>Z\u00e1kladn\u00ed techniky<br \/><\/b><\/span>Kreslen\u00e1 u\u010debnice pali\u010dkov\u00e1n\u00ed s podrobn\u00fdmi n\u00e1vody na jednotliv\u00e9 techniky a cvi\u010dn\u00fdmi podvinky (autorka ak. mal. Alina Ja\u0161kov\u00e1).<\/p><p><strong>Cena: 125 K\u010d<\/strong><\/p><p>Kl\u00f6ppeln &#8211; Lehrb\u00fccher mit Detailzeichnungen von einzelnen Techniken und mit \u00dcbungskl\u00f6ppelbriefen Autorin: Kunstmalerin Alina Ja\u0161kov\u00e1<br \/><strong>Preis: 5 \u20ac<\/strong><\/p>\t\t\t\t\t\t<\/div>\n\t\t\t\t<\/div>\n\t\t\t\t\t<\/div>\n\t\t<\/div>\n\t\t\t\t\t\t\t<\/div>\n\t\t<\/section>\n\t\t\t\t<section class=\"elementor-section elementor-top-section elementor-element elementor-element-35377fa elementor-section-boxed elementor-section-height-default elementor-section-height-default\" data-id=\"35377fa\" data-element_type=\"section\">\n\t\t\t\t\t\t<div class=\"elementor-container elementor-column-gap-default\">\n\t\t\t\t\t<div class=\"elementor-column elementor-col-33 elementor-top-column elementor-element elementor-element-f79bbe6\" data-id=\"f79bbe6\" data-element_type=\"column\">\n\t\t\t<div class=\"elementor-widget-wrap elementor-element-populated\">\n\t\t\t\t\t\t\t\t<div class=\"elementor-element elementor-element-43255c8 elementor-widget elementor-widget-image\" data-id=\"43255c8\" data-element_type=\"widget\" data-widget_type=\"image.default\">\n\t\t\t\t<div class=\"elementor-widget-container\">\n\t\t\t\t\t\t\t\t\t\t\t\t\t\t\t<img loading=\"lazy\" decoding=\"async\" width=\"212\" height=\"300\" src=\"http:\/\/krajka.com\/wp-content\/uploads\/2023\/07\/navrhovani_naramky-212x300.jpg\" class=\"attachment-medium size-medium wp-image-310\" alt=\"\" srcset=\"http:\/\/krajka.com\/wp-content\/uploads\/2023\/07\/navrhovani_naramky-212x300.jpg 212w, http:\/\/krajka.com\/wp-content\/uploads\/2023\/07\/navrhovani_naramky.jpg 266w\" sizes=\"auto, (max-width: 212px) 100vw, 212px\" \/>\t\t\t\t\t\t\t\t\t\t\t\t\t\t\t<\/div>\n\t\t\t\t<\/div>\n\t\t\t\t\t<\/div>\n\t\t<\/div>\n\t\t\t\t<div class=\"elementor-column elementor-col-66 elementor-top-column elementor-element elementor-element-4134392\" data-id=\"4134392\" data-element_type=\"column\">\n\t\t\t<div class=\"elementor-widget-wrap elementor-element-populated\">\n\t\t\t\t\t\t\t\t<div class=\"elementor-element elementor-element-23ffcd1 elementor-widget elementor-widget-text-editor\" data-id=\"23ffcd1\" data-element_type=\"widget\" data-widget_type=\"text-editor.default\">\n\t\t\t\t<div class=\"elementor-widget-container\">\n\t\t\t\t\t\t\t<p><span style=\"color: #3366ff;\"><strong>\u0160koli\u010dka n\u00e1vrh\u00e1\u0159e I.- N\u00e1ramky<\/strong><\/span><br \/>Alina Ja\u0161kov\u00e1<\/p><p>N\u00e1vody, kresby a podvinky &#8211; jak navrhovat vlastn\u00ed n\u00e1ramky s pou\u017eit\u00edm r\u016fzn\u00fdch materi\u00e1l\u016f.<br \/><strong>Cena: 90 K\u010d<\/strong><\/p><p><strong>Preis: 4 \u20ac<\/strong><\/p>\t\t\t\t\t\t<\/div>\n\t\t\t\t<\/div>\n\t\t\t\t\t<\/div>\n\t\t<\/div>\n\t\t\t\t\t\t\t<\/div>\n\t\t<\/section>\n\t\t\t\t<section class=\"elementor-section elementor-top-section elementor-element elementor-element-679dadd elementor-section-boxed elementor-section-height-default elementor-section-height-default\" data-id=\"679dadd\" data-element_type=\"section\">\n\t\t\t\t\t\t<div class=\"elementor-container elementor-column-gap-default\">\n\t\t\t\t\t<div class=\"elementor-column elementor-col-33 elementor-top-column elementor-element elementor-element-467fecf\" data-id=\"467fecf\" data-element_type=\"column\">\n\t\t\t<div class=\"elementor-widget-wrap elementor-element-populated\">\n\t\t\t\t\t\t\t\t<div class=\"elementor-element elementor-element-dfaf4d7 elementor-widget elementor-widget-image\" data-id=\"dfaf4d7\" data-element_type=\"widget\" data-widget_type=\"image.default\">\n\t\t\t\t<div class=\"elementor-widget-container\">\n\t\t\t\t\t\t\t\t\t\t\t\t\t\t\t<img loading=\"lazy\" decoding=\"async\" width=\"300\" height=\"424\" src=\"http:\/\/krajka.com\/wp-content\/uploads\/2023\/07\/hrave_prostirani-1.jpg\" class=\"attachment-large size-large wp-image-374\" alt=\"\" srcset=\"http:\/\/krajka.com\/wp-content\/uploads\/2023\/07\/hrave_prostirani-1.jpg 300w, http:\/\/krajka.com\/wp-content\/uploads\/2023\/07\/hrave_prostirani-1-212x300.jpg 212w\" sizes=\"auto, (max-width: 300px) 100vw, 300px\" \/>\t\t\t\t\t\t\t\t\t\t\t\t\t\t\t<\/div>\n\t\t\t\t<\/div>\n\t\t\t\t\t<\/div>\n\t\t<\/div>\n\t\t\t\t<div class=\"elementor-column elementor-col-66 elementor-top-column elementor-element elementor-element-a819bcb\" data-id=\"a819bcb\" data-element_type=\"column\">\n\t\t\t<div class=\"elementor-widget-wrap elementor-element-populated\">\n\t\t\t\t\t\t\t\t<div class=\"elementor-element elementor-element-56ea209 elementor-widget elementor-widget-text-editor\" data-id=\"56ea209\" data-element_type=\"widget\" data-widget_type=\"text-editor.default\">\n\t\t\t\t<div class=\"elementor-widget-container\">\n\t\t\t\t\t\t\t<p><span style=\"color: #3366ff;\"><strong>Hrav\u00e9 prost\u00edr\u00e1n\u00ed Dany Bene\u0161ov\u00e9<br \/><\/strong><\/span>Podvinky, barevn\u00e9 fotografie, n\u00e1kresy technik.<br \/><strong>Cena: 75 K\u010d<\/strong><\/p><p><strong>Tischw\u00e4sche spielend gestalten \u2013 Dana Bene\u0161ov\u00e1<br \/><\/strong>Kl\u00f6ppelbriefe, Farbfotos, technische Zeichnungen.<br \/><strong>Preis: 3 \u20ac<\/strong><\/p>\t\t\t\t\t\t<\/div>\n\t\t\t\t<\/div>\n\t\t\t\t\t<\/div>\n\t\t<\/div>\n\t\t\t\t\t\t\t<\/div>\n\t\t<\/section>\n\t\t\t\t<section class=\"elementor-section elementor-top-section elementor-element elementor-element-4d9a38f elementor-section-boxed elementor-section-height-default elementor-section-height-default\" data-id=\"4d9a38f\" data-element_type=\"section\">\n\t\t\t\t\t\t<div class=\"elementor-container elementor-column-gap-default\">\n\t\t\t\t\t<div class=\"elementor-column elementor-col-33 elementor-top-column elementor-element elementor-element-4ddfdec\" data-id=\"4ddfdec\" data-element_type=\"column\">\n\t\t\t<div class=\"elementor-widget-wrap elementor-element-populated\">\n\t\t\t\t\t\t\t\t<div class=\"elementor-element elementor-element-07b2c00 elementor-widget elementor-widget-image\" data-id=\"07b2c00\" data-element_type=\"widget\" data-widget_type=\"image.default\">\n\t\t\t\t<div class=\"elementor-widget-container\">\n\t\t\t\t\t\t\t\t\t\t\t\t\t\t\t<img loading=\"lazy\" decoding=\"async\" width=\"212\" height=\"300\" src=\"http:\/\/krajka.com\/wp-content\/uploads\/2023\/07\/mury-web-212x300.jpg\" class=\"attachment-medium size-medium wp-image-309\" alt=\"\" srcset=\"http:\/\/krajka.com\/wp-content\/uploads\/2023\/07\/mury-web-212x300.jpg 212w, http:\/\/krajka.com\/wp-content\/uploads\/2023\/07\/mury-web.jpg 283w\" sizes=\"auto, (max-width: 212px) 100vw, 212px\" \/>\t\t\t\t\t\t\t\t\t\t\t\t\t\t\t<\/div>\n\t\t\t\t<\/div>\n\t\t\t\t\t<\/div>\n\t\t<\/div>\n\t\t\t\t<div class=\"elementor-column elementor-col-66 elementor-top-column elementor-element elementor-element-a4c605d\" data-id=\"a4c605d\" data-element_type=\"column\">\n\t\t\t<div class=\"elementor-widget-wrap elementor-element-populated\">\n\t\t\t\t\t\t\t\t<div class=\"elementor-element elementor-element-f45d1ca elementor-widget elementor-widget-text-editor\" data-id=\"f45d1ca\" data-element_type=\"widget\" data-widget_type=\"text-editor.default\">\n\t\t\t\t<div class=\"elementor-widget-container\">\n\t\t\t\t\t\t\t<p><span style=\"color: #3366ff;\"><strong>M\u016fry<br \/><\/strong><\/span>Dana Bene\u0161ov\u00e1<br \/>Podvinky, barevn\u00e9 fotografie, n\u00e1kresy technik.<br \/><strong>Cena: 130 K\u010d<\/strong><\/p><p><strong>Preis:\u00a05,50 \u20ac<\/strong><\/p>\t\t\t\t\t\t<\/div>\n\t\t\t\t<\/div>\n\t\t\t\t\t<\/div>\n\t\t<\/div>\n\t\t\t\t\t\t\t<\/div>\n\t\t<\/section>\n\t\t\t\t<section class=\"elementor-section elementor-top-section elementor-element elementor-element-135f0bd elementor-section-boxed elementor-section-height-default elementor-section-height-default\" data-id=\"135f0bd\" data-element_type=\"section\">\n\t\t\t\t\t\t<div class=\"elementor-container elementor-column-gap-default\">\n\t\t\t\t\t<div class=\"elementor-column elementor-col-33 elementor-top-column elementor-element elementor-element-11a41a1\" data-id=\"11a41a1\" data-element_type=\"column\">\n\t\t\t<div class=\"elementor-widget-wrap elementor-element-populated\">\n\t\t\t\t\t\t\t\t<div class=\"elementor-element elementor-element-34108af elementor-widget elementor-widget-image\" data-id=\"34108af\" data-element_type=\"widget\" data-widget_type=\"image.default\">\n\t\t\t\t<div class=\"elementor-widget-container\">\n\t\t\t\t\t\t\t\t\t\t\t\t\t\t\t<img loading=\"lazy\" decoding=\"async\" width=\"210\" height=\"300\" src=\"http:\/\/krajka.com\/wp-content\/uploads\/2023\/07\/listy-web-210x300.jpg\" class=\"attachment-medium size-medium wp-image-302\" alt=\"\" srcset=\"http:\/\/krajka.com\/wp-content\/uploads\/2023\/07\/listy-web-210x300.jpg 210w, http:\/\/krajka.com\/wp-content\/uploads\/2023\/07\/listy-web.jpg 283w\" sizes=\"auto, (max-width: 210px) 100vw, 210px\" \/>\t\t\t\t\t\t\t\t\t\t\t\t\t\t\t<\/div>\n\t\t\t\t<\/div>\n\t\t\t\t\t<\/div>\n\t\t<\/div>\n\t\t\t\t<div class=\"elementor-column elementor-col-66 elementor-top-column elementor-element elementor-element-6dfd66b\" data-id=\"6dfd66b\" data-element_type=\"column\">\n\t\t\t<div class=\"elementor-widget-wrap elementor-element-populated\">\n\t\t\t\t\t\t\t\t<div class=\"elementor-element elementor-element-98eb3ba elementor-widget elementor-widget-text-editor\" data-id=\"98eb3ba\" data-element_type=\"widget\" data-widget_type=\"text-editor.default\">\n\t\t\t\t<div class=\"elementor-widget-container\">\n\t\t\t\t\t\t\t<p><span style=\"color: #3366ff;\"><strong>Listy<\/strong><\/span><br \/>Dana Bene\u0161ov\u00e1<br \/>Podvinky, barevn\u00e9 fotografie, n\u00e1kresy technik.<br \/><strong>Cena: 130 K\u010d<\/strong><\/p><p><strong>Preis:\u00a05,50 \u20ac<\/strong><\/p>\t\t\t\t\t\t<\/div>\n\t\t\t\t<\/div>\n\t\t\t\t\t<\/div>\n\t\t<\/div>\n\t\t\t\t\t\t\t<\/div>\n\t\t<\/section>\n\t\t\t\t<section class=\"elementor-section elementor-top-section elementor-element elementor-element-327b3cb elementor-section-boxed elementor-section-height-default elementor-section-height-default\" data-id=\"327b3cb\" data-element_type=\"section\">\n\t\t\t\t\t\t<div class=\"elementor-container elementor-column-gap-default\">\n\t\t\t\t\t<div class=\"elementor-column elementor-col-33 elementor-top-column elementor-element elementor-element-d5ecaf9\" data-id=\"d5ecaf9\" data-element_type=\"column\">\n\t\t\t<div class=\"elementor-widget-wrap elementor-element-populated\">\n\t\t\t\t\t\t\t\t<div class=\"elementor-element elementor-element-8b2514d elementor-widget elementor-widget-image\" data-id=\"8b2514d\" data-element_type=\"widget\" data-widget_type=\"image.default\">\n\t\t\t\t<div class=\"elementor-widget-container\">\n\t\t\t\t\t\t\t\t\t\t\t\t\t\t\t<img loading=\"lazy\" decoding=\"async\" width=\"206\" height=\"300\" src=\"http:\/\/krajka.com\/wp-content\/uploads\/2023\/07\/hvezdy-206x300.jpg\" class=\"attachment-medium size-medium wp-image-277\" alt=\"\" srcset=\"http:\/\/krajka.com\/wp-content\/uploads\/2023\/07\/hvezdy-206x300.jpg 206w, http:\/\/krajka.com\/wp-content\/uploads\/2023\/07\/hvezdy.jpg 259w\" sizes=\"auto, (max-width: 206px) 100vw, 206px\" \/>\t\t\t\t\t\t\t\t\t\t\t\t\t\t\t<\/div>\n\t\t\t\t<\/div>\n\t\t\t\t\t<\/div>\n\t\t<\/div>\n\t\t\t\t<div class=\"elementor-column elementor-col-66 elementor-top-column elementor-element elementor-element-62cf2b3\" data-id=\"62cf2b3\" data-element_type=\"column\">\n\t\t\t<div class=\"elementor-widget-wrap elementor-element-populated\">\n\t\t\t\t\t\t\t\t<div class=\"elementor-element elementor-element-fc6dc1f elementor-widget elementor-widget-text-editor\" data-id=\"fc6dc1f\" data-element_type=\"widget\" data-widget_type=\"text-editor.default\">\n\t\t\t\t<div class=\"elementor-widget-container\">\n\t\t\t\t\t\t\t<p><span style=\"color: #3366ff;\"><strong>Hv\u011bzdy a vlo\u010dky<br \/><\/strong><\/span>Barevn\u00e9 fotografie, n\u00e1kresy technik. Podvinky nejsou sou\u010d\u00e1st\u00ed.<strong><br \/>Cena: 90 K\u010d, 250 K\u010d s podvinky<\/strong><\/p><p><strong>Preis:\u00a04 \u20ac<\/strong><strong><br \/>mit Kl\u00f6ppelbriefe\u00a010 \u20ac<\/strong><\/p>\t\t\t\t\t\t<\/div>\n\t\t\t\t<\/div>\n\t\t\t\t\t<\/div>\n\t\t<\/div>\n\t\t\t\t\t\t\t<\/div>\n\t\t<\/section>\n\t\t\t\t<section class=\"elementor-section elementor-top-section elementor-element elementor-element-b22416c elementor-section-boxed elementor-section-height-default elementor-section-height-default\" data-id=\"b22416c\" data-element_type=\"section\">\n\t\t\t\t\t\t<div class=\"elementor-container elementor-column-gap-default\">\n\t\t\t\t\t<div class=\"elementor-column elementor-col-33 elementor-top-column elementor-element elementor-element-ffcfdec\" data-id=\"ffcfdec\" data-element_type=\"column\">\n\t\t\t<div class=\"elementor-widget-wrap elementor-element-populated\">\n\t\t\t\t\t\t\t\t<div class=\"elementor-element elementor-element-eb505d7 elementor-widget elementor-widget-image\" data-id=\"eb505d7\" data-element_type=\"widget\" data-widget_type=\"image.default\">\n\t\t\t\t<div class=\"elementor-widget-container\">\n\t\t\t\t\t\t\t\t\t\t\t\t\t\t\t<img loading=\"lazy\" decoding=\"async\" width=\"204\" height=\"288\" src=\"http:\/\/krajka.com\/wp-content\/uploads\/2023\/07\/Slunicka_male.jpg\" class=\"attachment-medium size-medium wp-image-320\" alt=\"\" \/>\t\t\t\t\t\t\t\t\t\t\t\t\t\t\t<\/div>\n\t\t\t\t<\/div>\n\t\t\t\t\t<\/div>\n\t\t<\/div>\n\t\t\t\t<div class=\"elementor-column elementor-col-66 elementor-top-column elementor-element elementor-element-4980730\" data-id=\"4980730\" data-element_type=\"column\">\n\t\t\t<div class=\"elementor-widget-wrap elementor-element-populated\">\n\t\t\t\t\t\t\t\t<div class=\"elementor-element elementor-element-010124f elementor-widget elementor-widget-text-editor\" data-id=\"010124f\" data-element_type=\"widget\" data-widget_type=\"text-editor.default\">\n\t\t\t\t<div class=\"elementor-widget-container\">\n\t\t\t\t\t\t\t<p><strong><span style=\"color: #3366ff;\">Slun\u00ed\u010dka<br \/><\/span><\/strong>Sout\u011b\u017e \u010dasopisu Krajka &#8211; fotografie, podvinky.<br \/><strong>Cena: 130 K\u010d<\/strong><\/p><p><strong>Preis:\u00a05,50 \u20ac<\/strong><\/p>\t\t\t\t\t\t<\/div>\n\t\t\t\t<\/div>\n\t\t\t\t\t<\/div>\n\t\t<\/div>\n\t\t\t\t\t\t\t<\/div>\n\t\t<\/section>\n\t\t\t\t<section class=\"elementor-section elementor-top-section elementor-element elementor-element-e5cea42 elementor-section-boxed elementor-section-height-default elementor-section-height-default\" data-id=\"e5cea42\" data-element_type=\"section\">\n\t\t\t\t\t\t<div class=\"elementor-container elementor-column-gap-default\">\n\t\t\t\t\t<div class=\"elementor-column elementor-col-33 elementor-top-column elementor-element elementor-element-be0c875\" data-id=\"be0c875\" data-element_type=\"column\">\n\t\t\t<div class=\"elementor-widget-wrap elementor-element-populated\">\n\t\t\t\t\t\t\t\t<div class=\"elementor-element elementor-element-257c0a4 elementor-widget elementor-widget-image\" data-id=\"257c0a4\" data-element_type=\"widget\" data-widget_type=\"image.default\">\n\t\t\t\t<div class=\"elementor-widget-container\">\n\t\t\t\t\t\t\t\t\t\t\t\t\t\t\t<img loading=\"lazy\" decoding=\"async\" width=\"202\" height=\"283\" src=\"http:\/\/krajka.com\/wp-content\/uploads\/2023\/07\/mandaly-10-72_male.jpg\" class=\"attachment-medium size-medium wp-image-304\" alt=\"\" \/>\t\t\t\t\t\t\t\t\t\t\t\t\t\t\t<\/div>\n\t\t\t\t<\/div>\n\t\t\t\t\t<\/div>\n\t\t<\/div>\n\t\t\t\t<div class=\"elementor-column elementor-col-66 elementor-top-column elementor-element elementor-element-5cdf5ec\" data-id=\"5cdf5ec\" data-element_type=\"column\">\n\t\t\t<div class=\"elementor-widget-wrap elementor-element-populated\">\n\t\t\t\t\t\t\t\t<div class=\"elementor-element elementor-element-76791f5 elementor-widget elementor-widget-text-editor\" data-id=\"76791f5\" data-element_type=\"widget\" data-widget_type=\"text-editor.default\">\n\t\t\t\t<div class=\"elementor-widget-container\">\n\t\t\t\t\t\t\t<p><span style=\"color: #3366ff;\"><strong>Mandaly<br \/><\/strong><\/span>Sout\u011b\u017e \u010dasopisu Krajka &#8211; fotografie, podvinky.<br \/><strong>Cena: 160 K\u010d<\/strong><\/p><p><strong>Preis:\u00a06,50 \u20ac<\/strong><\/p>\t\t\t\t\t\t<\/div>\n\t\t\t\t<\/div>\n\t\t\t\t\t<\/div>\n\t\t<\/div>\n\t\t\t\t\t\t\t<\/div>\n\t\t<\/section>\n\t\t\t\t<section class=\"elementor-section elementor-top-section elementor-element elementor-element-8cbb168 elementor-section-boxed elementor-section-height-default elementor-section-height-default\" data-id=\"8cbb168\" data-element_type=\"section\">\n\t\t\t\t\t\t<div class=\"elementor-container elementor-column-gap-default\">\n\t\t\t\t\t<div class=\"elementor-column elementor-col-33 elementor-top-column elementor-element elementor-element-692f5e1\" data-id=\"692f5e1\" data-element_type=\"column\">\n\t\t\t<div class=\"elementor-widget-wrap elementor-element-populated\">\n\t\t\t\t\t\t\t\t<div class=\"elementor-element elementor-element-f85bf9a elementor-widget elementor-widget-image\" data-id=\"f85bf9a\" data-element_type=\"widget\" data-widget_type=\"image.default\">\n\t\t\t\t<div class=\"elementor-widget-container\">\n\t\t\t\t\t\t\t\t\t\t\t\t\t\t\t<img loading=\"lazy\" decoding=\"async\" width=\"283\" height=\"397\" src=\"http:\/\/krajka.com\/wp-content\/uploads\/2023\/07\/andele-web-1.jpg\" class=\"attachment-large size-large wp-image-373\" alt=\"\" srcset=\"http:\/\/krajka.com\/wp-content\/uploads\/2023\/07\/andele-web-1.jpg 283w, http:\/\/krajka.com\/wp-content\/uploads\/2023\/07\/andele-web-1-214x300.jpg 214w\" sizes=\"auto, (max-width: 283px) 100vw, 283px\" \/>\t\t\t\t\t\t\t\t\t\t\t\t\t\t\t<\/div>\n\t\t\t\t<\/div>\n\t\t\t\t\t<\/div>\n\t\t<\/div>\n\t\t\t\t<div class=\"elementor-column elementor-col-66 elementor-top-column elementor-element elementor-element-40123b4\" data-id=\"40123b4\" data-element_type=\"column\">\n\t\t\t<div class=\"elementor-widget-wrap elementor-element-populated\">\n\t\t\t\t\t\t\t\t<div class=\"elementor-element elementor-element-34e667f elementor-widget elementor-widget-text-editor\" data-id=\"34e667f\" data-element_type=\"widget\" data-widget_type=\"text-editor.default\">\n\t\t\t\t<div class=\"elementor-widget-container\">\n\t\t\t\t\t\t\t<p><span style=\"color: #3366ff;\"><strong>And\u011blsk\u00e9 zvon\u011bn\u00ed<br \/><\/strong><\/span>Sout\u011b\u017e \u010dasopisu Krajka &#8211; fotografie, podvinky.<br \/><strong>Cena: 160 K\u010d<\/strong><\/p><p><strong>Preis:\u00a06,50 \u20ac<\/strong><\/p>\t\t\t\t\t\t<\/div>\n\t\t\t\t<\/div>\n\t\t\t\t\t<\/div>\n\t\t<\/div>\n\t\t\t\t\t\t\t<\/div>\n\t\t<\/section>\n\t\t\t\t<section class=\"elementor-section elementor-top-section elementor-element elementor-element-50e0752 elementor-section-boxed elementor-section-height-default elementor-section-height-default\" data-id=\"50e0752\" data-element_type=\"section\">\n\t\t\t\t\t\t<div class=\"elementor-container elementor-column-gap-default\">\n\t\t\t\t\t<div class=\"elementor-column elementor-col-33 elementor-top-column elementor-element elementor-element-df08a46\" data-id=\"df08a46\" data-element_type=\"column\">\n\t\t\t<div class=\"elementor-widget-wrap elementor-element-populated\">\n\t\t\t\t\t\t\t\t<div class=\"elementor-element elementor-element-4125d19 elementor-widget elementor-widget-image\" data-id=\"4125d19\" data-element_type=\"widget\" data-widget_type=\"image.default\">\n\t\t\t\t<div class=\"elementor-widget-container\">\n\t\t\t\t\t\t\t\t\t\t\t\t\t\t\t<img loading=\"lazy\" decoding=\"async\" width=\"205\" height=\"300\" src=\"http:\/\/krajka.com\/wp-content\/uploads\/2023\/07\/Gotika-v-ramu-205x300.jpg\" class=\"attachment-medium size-medium wp-image-275\" alt=\"\" srcset=\"http:\/\/krajka.com\/wp-content\/uploads\/2023\/07\/Gotika-v-ramu-205x300.jpg 205w, http:\/\/krajka.com\/wp-content\/uploads\/2023\/07\/Gotika-v-ramu-700x1024.jpg 700w, http:\/\/krajka.com\/wp-content\/uploads\/2023\/07\/Gotika-v-ramu-768x1123.jpg 768w, http:\/\/krajka.com\/wp-content\/uploads\/2023\/07\/Gotika-v-ramu-1051x1536.jpg 1051w, http:\/\/krajka.com\/wp-content\/uploads\/2023\/07\/Gotika-v-ramu.jpg 1063w\" sizes=\"auto, (max-width: 205px) 100vw, 205px\" \/>\t\t\t\t\t\t\t\t\t\t\t\t\t\t\t<\/div>\n\t\t\t\t<\/div>\n\t\t\t\t\t<\/div>\n\t\t<\/div>\n\t\t\t\t<div class=\"elementor-column elementor-col-66 elementor-top-column elementor-element elementor-element-e80346e\" data-id=\"e80346e\" data-element_type=\"column\">\n\t\t\t<div class=\"elementor-widget-wrap elementor-element-populated\">\n\t\t\t\t\t\t\t\t<div class=\"elementor-element elementor-element-25e2dd8 elementor-widget elementor-widget-text-editor\" data-id=\"25e2dd8\" data-element_type=\"widget\" data-widget_type=\"text-editor.default\">\n\t\t\t\t<div class=\"elementor-widget-container\">\n\t\t\t\t\t\t\t<p><span style=\"color: #3366ff;\"><strong>Gotika v r\u00e1me\u010dku<br \/><\/strong><\/span>Sout\u011b\u017e \u010dasopisu Krajka &#8211; fotografie, podvinky.<br \/><strong>Cena: 130 K\u010d<\/strong><\/p><p><strong>Preis:\u00a05,50 \u20ac<\/strong><\/p>\t\t\t\t\t\t<\/div>\n\t\t\t\t<\/div>\n\t\t\t\t\t<\/div>\n\t\t<\/div>\n\t\t\t\t\t\t\t<\/div>\n\t\t<\/section>\n\t\t\t\t<section class=\"elementor-section elementor-top-section elementor-element elementor-element-2b2c3f2 elementor-section-boxed elementor-section-height-default elementor-section-height-default\" data-id=\"2b2c3f2\" data-element_type=\"section\">\n\t\t\t\t\t\t<div class=\"elementor-container elementor-column-gap-default\">\n\t\t\t\t\t<div class=\"elementor-column elementor-col-33 elementor-top-column elementor-element elementor-element-f4fdcf6\" data-id=\"f4fdcf6\" data-element_type=\"column\">\n\t\t\t<div class=\"elementor-widget-wrap elementor-element-populated\">\n\t\t\t\t\t\t\t\t<div class=\"elementor-element elementor-element-dd64f30 elementor-widget elementor-widget-image\" data-id=\"dd64f30\" data-element_type=\"widget\" data-widget_type=\"image.default\">\n\t\t\t\t<div class=\"elementor-widget-container\">\n\t\t\t\t\t\t\t\t\t\t\t\t\t\t\t<img loading=\"lazy\" decoding=\"async\" width=\"300\" height=\"438\" src=\"http:\/\/krajka.com\/wp-content\/uploads\/2023\/07\/znamka.jpg\" class=\"attachment-large size-large wp-image-399\" alt=\"\" srcset=\"http:\/\/krajka.com\/wp-content\/uploads\/2023\/07\/znamka.jpg 300w, http:\/\/krajka.com\/wp-content\/uploads\/2023\/07\/znamka-205x300.jpg 205w\" sizes=\"auto, (max-width: 300px) 100vw, 300px\" \/>\t\t\t\t\t\t\t\t\t\t\t\t\t\t\t<\/div>\n\t\t\t\t<\/div>\n\t\t\t\t\t<\/div>\n\t\t<\/div>\n\t\t\t\t<div class=\"elementor-column elementor-col-66 elementor-top-column elementor-element elementor-element-9f6c3cd\" data-id=\"9f6c3cd\" data-element_type=\"column\">\n\t\t\t<div class=\"elementor-widget-wrap elementor-element-populated\">\n\t\t\t\t\t\t\t\t<div class=\"elementor-element elementor-element-2b90796 elementor-widget elementor-widget-text-editor\" data-id=\"2b90796\" data-element_type=\"widget\" data-widget_type=\"text-editor.default\">\n\t\t\t\t<div class=\"elementor-widget-container\">\n\t\t\t\t\t\t\t<p><span style=\"color: #3366ff;\"><strong>Krajkov\u00e1 po\u0161tovn\u00ed zn\u00e1mka<br \/><\/strong><\/span>Sout\u011b\u017e \u010dasopisu Krajka &#8211; fotografie, podvinky.<br \/><strong>Cena: 130 K\u010d<\/strong><\/p><p><strong>Preis:\u00a05,50 \u20ac<\/strong><\/p>\t\t\t\t\t\t<\/div>\n\t\t\t\t<\/div>\n\t\t\t\t\t<\/div>\n\t\t<\/div>\n\t\t\t\t\t\t\t<\/div>\n\t\t<\/section>\n\t\t\t\t<section class=\"elementor-section elementor-top-section elementor-element elementor-element-d2c55ed elementor-section-boxed elementor-section-height-default elementor-section-height-default\" data-id=\"d2c55ed\" data-element_type=\"section\">\n\t\t\t\t\t\t<div class=\"elementor-container elementor-column-gap-default\">\n\t\t\t\t\t<div class=\"elementor-column elementor-col-33 elementor-top-column elementor-element elementor-element-75753d0\" data-id=\"75753d0\" data-element_type=\"column\">\n\t\t\t<div class=\"elementor-widget-wrap elementor-element-populated\">\n\t\t\t\t\t\t\t\t<div class=\"elementor-element elementor-element-9189b4d elementor-widget elementor-widget-image\" data-id=\"9189b4d\" data-element_type=\"widget\" data-widget_type=\"image.default\">\n\t\t\t\t<div class=\"elementor-widget-container\">\n\t\t\t\t\t\t\t\t\t\t\t\t\t\t\t<img loading=\"lazy\" decoding=\"async\" width=\"212\" height=\"300\" src=\"http:\/\/krajka.com\/wp-content\/uploads\/2023\/07\/kalendar-2016-milca_web-212x300.jpg\" class=\"attachment-medium size-medium wp-image-288\" alt=\"\" srcset=\"http:\/\/krajka.com\/wp-content\/uploads\/2023\/07\/kalendar-2016-milca_web-212x300.jpg 212w, http:\/\/krajka.com\/wp-content\/uploads\/2023\/07\/kalendar-2016-milca_web.jpg 283w\" sizes=\"auto, (max-width: 212px) 100vw, 212px\" \/>\t\t\t\t\t\t\t\t\t\t\t\t\t\t\t<\/div>\n\t\t\t\t<\/div>\n\t\t\t\t\t<\/div>\n\t\t<\/div>\n\t\t\t\t<div class=\"elementor-column elementor-col-66 elementor-top-column elementor-element elementor-element-110b617\" data-id=\"110b617\" data-element_type=\"column\">\n\t\t\t<div class=\"elementor-widget-wrap elementor-element-populated\">\n\t\t\t\t\t\t\t\t<div class=\"elementor-element elementor-element-def0a02 elementor-widget elementor-widget-text-editor\" data-id=\"def0a02\" data-element_type=\"widget\" data-widget_type=\"text-editor.default\">\n\t\t\t\t<div class=\"elementor-widget-container\">\n\t\t\t\t\t\t\t<p><span style=\"color: #3366ff;\"><strong>Architektura<br \/><\/strong><\/span>Kalend\u00e1\u0159 Mil\u010di Eremi\u00e1\u0161ov\u00e9 na rok 2016, dvoum\u011bs\u00ed\u010dn\u00ed kalend\u00e1rium.<br \/><strong>Kalend\u00e1\u0159 je ji\u017e vyprod\u00e1n, lze objednat podvinky &#8211; cena: 100 K\u010d<\/strong><\/p><p>Kalender von Mil\u010da Eremi\u00e1\u0161ov\u00e1, 2016<br \/><strong>Nur Kl\u00f6ppelbriefe &#8211; Preis: 4 \u20ac<\/strong><\/p>\t\t\t\t\t\t<\/div>\n\t\t\t\t<\/div>\n\t\t\t\t\t<\/div>\n\t\t<\/div>\n\t\t\t\t\t\t\t<\/div>\n\t\t<\/section>\n\t\t\t\t<section class=\"elementor-section elementor-top-section elementor-element elementor-element-0f77b0c elementor-section-boxed elementor-section-height-default elementor-section-height-default\" data-id=\"0f77b0c\" data-element_type=\"section\">\n\t\t\t\t\t\t<div class=\"elementor-container elementor-column-gap-default\">\n\t\t\t\t\t<div class=\"elementor-column elementor-col-33 elementor-top-column elementor-element elementor-element-337b6a5\" data-id=\"337b6a5\" data-element_type=\"column\">\n\t\t\t<div class=\"elementor-widget-wrap elementor-element-populated\">\n\t\t\t\t\t\t\t\t<div class=\"elementor-element elementor-element-d46a305 elementor-widget elementor-widget-image\" data-id=\"d46a305\" data-element_type=\"widget\" data-widget_type=\"image.default\">\n\t\t\t\t<div class=\"elementor-widget-container\">\n\t\t\t\t\t\t\t\t\t\t\t\t\t\t\t<img loading=\"lazy\" decoding=\"async\" width=\"212\" height=\"300\" src=\"http:\/\/krajka.com\/wp-content\/uploads\/2023\/07\/kalendar_2015-212x300.jpg\" class=\"attachment-medium size-medium wp-image-291\" alt=\"\" srcset=\"http:\/\/krajka.com\/wp-content\/uploads\/2023\/07\/kalendar_2015-212x300.jpg 212w, http:\/\/krajka.com\/wp-content\/uploads\/2023\/07\/kalendar_2015.jpg 283w\" sizes=\"auto, (max-width: 212px) 100vw, 212px\" \/>\t\t\t\t\t\t\t\t\t\t\t\t\t\t\t<\/div>\n\t\t\t\t<\/div>\n\t\t\t\t\t<\/div>\n\t\t<\/div>\n\t\t\t\t<div class=\"elementor-column elementor-col-66 elementor-top-column elementor-element elementor-element-88887fa\" data-id=\"88887fa\" data-element_type=\"column\">\n\t\t\t<div class=\"elementor-widget-wrap elementor-element-populated\">\n\t\t\t\t\t\t\t\t<div class=\"elementor-element elementor-element-9c8ab0f elementor-widget elementor-widget-text-editor\" data-id=\"9c8ab0f\" data-element_type=\"widget\" data-widget_type=\"text-editor.default\">\n\t\t\t\t<div class=\"elementor-widget-container\">\n\t\t\t\t\t\t\t<p><span style=\"color: #3366ff;\"><strong>Harlek\u00fdni a Kolomb\u00edny<br \/><\/strong><\/span>Kalend\u00e1\u0159 Zde\u0148ka Dole\u017eala na rok 2015, dvoum\u011bs\u00ed\u010dn\u00ed kalend\u00e1rium.<br \/><strong>Doprodej kalend\u00e1\u0159e &#8211; cena: 20 K\u010d<br \/><\/strong>Ke kalend\u00e1\u0159i lze objednat\u00a0<strong>podvinky<\/strong> &#8211; <strong>cena 100 K\u010d<\/strong><\/p><p>Kalender von Zden\u011bk Dole\u017eal, 2015.<br \/><strong>Kalender im Ausverkauf: 1 \u20ac<\/strong><br \/>Dazu kann man auch Kl\u00f6ppelbriefe bestellen &#8211; 4 \u20ac<\/p>\t\t\t\t\t\t<\/div>\n\t\t\t\t<\/div>\n\t\t\t\t\t<\/div>\n\t\t<\/div>\n\t\t\t\t\t\t\t<\/div>\n\t\t<\/section>\n\t\t\t\t<section class=\"elementor-section elementor-top-section elementor-element elementor-element-25a1473 elementor-section-boxed elementor-section-height-default elementor-section-height-default\" data-id=\"25a1473\" data-element_type=\"section\">\n\t\t\t\t\t\t<div class=\"elementor-container elementor-column-gap-default\">\n\t\t\t\t\t<div class=\"elementor-column elementor-col-33 elementor-top-column elementor-element elementor-element-fe26537\" data-id=\"fe26537\" data-element_type=\"column\">\n\t\t\t<div class=\"elementor-widget-wrap elementor-element-populated\">\n\t\t\t\t\t\t\t\t<div class=\"elementor-element elementor-element-4cd20f9 elementor-widget elementor-widget-image\" data-id=\"4cd20f9\" data-element_type=\"widget\" data-widget_type=\"image.default\">\n\t\t\t\t<div class=\"elementor-widget-container\">\n\t\t\t\t\t\t\t\t\t\t\t\t\t\t\t<img loading=\"lazy\" decoding=\"async\" width=\"215\" height=\"300\" src=\"http:\/\/krajka.com\/wp-content\/uploads\/2023\/07\/kalendar_2013-215x300.jpg\" class=\"attachment-medium size-medium wp-image-290\" alt=\"\" srcset=\"http:\/\/krajka.com\/wp-content\/uploads\/2023\/07\/kalendar_2013-215x300.jpg 215w, http:\/\/krajka.com\/wp-content\/uploads\/2023\/07\/kalendar_2013.jpg 283w\" sizes=\"auto, (max-width: 215px) 100vw, 215px\" \/>\t\t\t\t\t\t\t\t\t\t\t\t\t\t\t<\/div>\n\t\t\t\t<\/div>\n\t\t\t\t\t<\/div>\n\t\t<\/div>\n\t\t\t\t<div class=\"elementor-column elementor-col-66 elementor-top-column elementor-element elementor-element-d561805\" data-id=\"d561805\" data-element_type=\"column\">\n\t\t\t<div class=\"elementor-widget-wrap elementor-element-populated\">\n\t\t\t\t\t\t\t\t<div class=\"elementor-element elementor-element-1cb03b9 elementor-widget elementor-widget-text-editor\" data-id=\"1cb03b9\" data-element_type=\"widget\" data-widget_type=\"text-editor.default\">\n\t\t\t\t<div class=\"elementor-widget-container\">\n\t\t\t\t\t\t\t<p><span style=\"color: #3366ff;\"><strong>Anna Hal\u00edkov\u00e1 &#8211; \u0160perky<br \/><\/strong><\/span>Kalend\u00e1\u0159 na rok 2013.<br \/><strong>Doprodej kalend\u00e1\u0159e &#8211; cena: 20 K\u010d<br \/><\/strong>Ke kalend\u00e1\u0159i lze objednat\u00a0<strong>podvinky &#8211; cena 220 K\u010d<\/strong><\/p><p><strong>Anna Hal\u00edkov\u00e1 &#8211; Kl\u00f6ppelschmuck<\/strong><br \/>Kalender 2013.<br \/><strong>Kalender im Ausverkauf: 1 \u20ac<br \/><\/strong>Dazu kann man auch Kl\u00f6ppelbriefe bestellen &#8211; 9 \u20ac.<\/p>\t\t\t\t\t\t<\/div>\n\t\t\t\t<\/div>\n\t\t\t\t\t<\/div>\n\t\t<\/div>\n\t\t\t\t\t\t\t<\/div>\n\t\t<\/section>\n\t\t\t\t<section class=\"elementor-section elementor-top-section elementor-element elementor-element-71c696f elementor-section-boxed elementor-section-height-default elementor-section-height-default\" data-id=\"71c696f\" data-element_type=\"section\">\n\t\t\t\t\t\t<div class=\"elementor-container elementor-column-gap-default\">\n\t\t\t\t\t<div class=\"elementor-column elementor-col-33 elementor-top-column elementor-element elementor-element-7dca8b1\" data-id=\"7dca8b1\" data-element_type=\"column\">\n\t\t\t<div class=\"elementor-widget-wrap elementor-element-populated\">\n\t\t\t\t\t\t\t\t<div class=\"elementor-element elementor-element-30417bc elementor-widget elementor-widget-image\" data-id=\"30417bc\" data-element_type=\"widget\" data-widget_type=\"image.default\">\n\t\t\t\t<div class=\"elementor-widget-container\">\n\t\t\t\t\t\t\t\t\t\t\t\t\t\t\t<img loading=\"lazy\" decoding=\"async\" width=\"201\" height=\"283\" src=\"http:\/\/krajka.com\/wp-content\/uploads\/2023\/07\/Krajka_a_pedig_2012_male.jpg\" class=\"attachment-large size-large wp-image-296\" alt=\"\" \/>\t\t\t\t\t\t\t\t\t\t\t\t\t\t\t<\/div>\n\t\t\t\t<\/div>\n\t\t\t\t\t<\/div>\n\t\t<\/div>\n\t\t\t\t<div class=\"elementor-column elementor-col-66 elementor-top-column elementor-element elementor-element-eddc77a\" data-id=\"eddc77a\" data-element_type=\"column\">\n\t\t\t<div class=\"elementor-widget-wrap elementor-element-populated\">\n\t\t\t\t\t\t\t\t<div class=\"elementor-element elementor-element-9078487 elementor-widget elementor-widget-text-editor\" data-id=\"9078487\" data-element_type=\"widget\" data-widget_type=\"text-editor.default\">\n\t\t\t\t<div class=\"elementor-widget-container\">\n\t\t\t\t\t\t\t<p><span style=\"color: #3366ff;\"><strong>Krajka a pedig<br \/><\/strong><\/span>Kalend\u00e1\u0159 na rok 2012.<br \/><strong>Doprodej kalend\u00e1\u0159e &#8211; cena: 20 K\u010d<br \/><\/strong>Ke kalend\u00e1\u0159i lze objednat\u00a0<strong>podvinky &#8211; cena 200 K\u010d<\/strong><\/p><p><strong>Spitzen und Peddigrohr<\/strong><br \/>Kalender 2012.<br \/><strong>Kalender im Ausverkauf: 1 \u20ac<\/strong><br \/>Dazu kann man auch Kl\u00f6ppelbriefe bestellen &#8211; <b>8 \u20ac<\/b>.<\/p>\t\t\t\t\t\t<\/div>\n\t\t\t\t<\/div>\n\t\t\t\t\t<\/div>\n\t\t<\/div>\n\t\t\t\t\t\t\t<\/div>\n\t\t<\/section>\n\t\t\t\t<section class=\"elementor-section elementor-top-section elementor-element elementor-element-1dd1c5d elementor-section-boxed elementor-section-height-default elementor-section-height-default\" data-id=\"1dd1c5d\" data-element_type=\"section\">\n\t\t\t\t\t\t<div class=\"elementor-container elementor-column-gap-default\">\n\t\t\t\t\t<div class=\"elementor-column elementor-col-33 elementor-top-column elementor-element elementor-element-94c4d7d\" data-id=\"94c4d7d\" data-element_type=\"column\">\n\t\t\t<div class=\"elementor-widget-wrap elementor-element-populated\">\n\t\t\t\t\t\t\t\t<div class=\"elementor-element elementor-element-0cc33a5 elementor-widget elementor-widget-image\" data-id=\"0cc33a5\" data-element_type=\"widget\" data-widget_type=\"image.default\">\n\t\t\t\t<div class=\"elementor-widget-container\">\n\t\t\t\t\t\t\t\t\t\t\t\t\t\t\t<img loading=\"lazy\" decoding=\"async\" width=\"198\" height=\"281\" src=\"http:\/\/krajka.com\/wp-content\/uploads\/2023\/07\/kalendar2011.jpg\" class=\"attachment-large size-large wp-image-293\" alt=\"\" \/>\t\t\t\t\t\t\t\t\t\t\t\t\t\t\t<\/div>\n\t\t\t\t<\/div>\n\t\t\t\t\t<\/div>\n\t\t<\/div>\n\t\t\t\t<div class=\"elementor-column elementor-col-66 elementor-top-column elementor-element elementor-element-763f8c5\" data-id=\"763f8c5\" data-element_type=\"column\">\n\t\t\t<div class=\"elementor-widget-wrap elementor-element-populated\">\n\t\t\t\t\t\t\t\t<div class=\"elementor-element elementor-element-9cdc884 elementor-widget elementor-widget-text-editor\" data-id=\"9cdc884\" data-element_type=\"widget\" data-widget_type=\"text-editor.default\">\n\t\t\t\t<div class=\"elementor-widget-container\">\n\t\t\t\t\t\t\t<p><span style=\"color: #3366ff;\"><strong>Mot\u00fdli v krajce<br \/><\/strong><\/span>Kalend\u00e1\u0159 na rok 2011.<br \/><strong>Doprodej kalend\u00e1\u0159e &#8211; cena: 20 K\u010d<br \/><\/strong>Ke kalend\u00e1\u0159i lze objednat i\u00a0<strong>podvinky<\/strong> (soubor obsahuje podvinky na \u0161perky, z\u00e1v\u011bsn\u00e9 krajky, motivky v kombinaci se sklem nebo d\u0159evem&#8230; v\u0161echny inspirovan\u00e9 mot\u00fdly) &#8211; <strong>cena 200 K\u010d.<\/strong><\/p><p><strong>Spitzen-Schmetterlinge<br \/><\/strong>Kalender 2011.<br \/><strong>Kalender in Ausverkauf: 1 \u20ac<\/strong><br \/>Dazu kann man auch eine Sammlung von <strong>Kl\u00f6ppelbriefen<\/strong> bestellen (Schmuck, Motive zum H\u00e4ngen, zum Kombinieren mit Glas oder Holz, alles von Schmetterlingen abgeleitet) &#8211; <strong>8 \u20ac.<\/strong><\/p>\t\t\t\t\t\t<\/div>\n\t\t\t\t<\/div>\n\t\t\t\t\t<\/div>\n\t\t<\/div>\n\t\t\t\t\t\t\t<\/div>\n\t\t<\/section>\n\t\t\t\t<section class=\"elementor-section elementor-top-section elementor-element elementor-element-9fd441e elementor-section-boxed elementor-section-height-default elementor-section-height-default\" data-id=\"9fd441e\" data-element_type=\"section\">\n\t\t\t\t\t\t<div class=\"elementor-container elementor-column-gap-default\">\n\t\t\t\t\t<div class=\"elementor-column elementor-col-33 elementor-top-column elementor-element elementor-element-4902974\" data-id=\"4902974\" data-element_type=\"column\">\n\t\t\t<div class=\"elementor-widget-wrap elementor-element-populated\">\n\t\t\t\t\t\t\t\t<div class=\"elementor-element elementor-element-1efe698 elementor-widget elementor-widget-image\" data-id=\"1efe698\" data-element_type=\"widget\" data-widget_type=\"image.default\">\n\t\t\t\t<div class=\"elementor-widget-container\">\n\t\t\t\t\t\t\t\t\t\t\t\t\t\t\t<img loading=\"lazy\" decoding=\"async\" width=\"209\" height=\"300\" src=\"http:\/\/krajka.com\/wp-content\/uploads\/2023\/07\/Kalendar-2010-209x300.jpg\" class=\"attachment-medium size-medium wp-image-287\" alt=\"\" srcset=\"http:\/\/krajka.com\/wp-content\/uploads\/2023\/07\/Kalendar-2010-209x300.jpg 209w, http:\/\/krajka.com\/wp-content\/uploads\/2023\/07\/Kalendar-2010-714x1024.jpg 714w, http:\/\/krajka.com\/wp-content\/uploads\/2023\/07\/Kalendar-2010-768x1102.jpg 768w, http:\/\/krajka.com\/wp-content\/uploads\/2023\/07\/Kalendar-2010.jpg 1063w\" sizes=\"auto, (max-width: 209px) 100vw, 209px\" \/>\t\t\t\t\t\t\t\t\t\t\t\t\t\t\t<\/div>\n\t\t\t\t<\/div>\n\t\t\t\t\t<\/div>\n\t\t<\/div>\n\t\t\t\t<div class=\"elementor-column elementor-col-66 elementor-top-column elementor-element elementor-element-e016549\" data-id=\"e016549\" data-element_type=\"column\">\n\t\t\t<div class=\"elementor-widget-wrap elementor-element-populated\">\n\t\t\t\t\t\t\t\t<div class=\"elementor-element elementor-element-3604217 elementor-widget elementor-widget-text-editor\" data-id=\"3604217\" data-element_type=\"widget\" data-widget_type=\"text-editor.default\">\n\t\t\t\t<div class=\"elementor-widget-container\">\n\t\t\t\t\t\t\t<p><span style=\"color: #3366ff;\"><strong>Dvojice<br \/><\/strong><\/span>Kalend\u00e1\u0159 Zde\u0148ka Dole\u017eala na rok 2010.<br \/><strong>Kalend\u00e1\u0159 je ji\u017e vyprod\u00e1n, lze objednat podvinky &#8211; cena: 200 K\u010d<\/strong><\/p><p>Kalender von Zden\u011bk Dole\u017eal 2010.<br \/><strong>Nur Kl\u00f6ppelbriefe &#8211; Preis: 8 \u20ac<\/strong><\/p>\t\t\t\t\t\t<\/div>\n\t\t\t\t<\/div>\n\t\t\t\t\t<\/div>\n\t\t<\/div>\n\t\t\t\t\t\t\t<\/div>\n\t\t<\/section>\n\t\t\t\t<section class=\"elementor-section elementor-top-section elementor-element elementor-element-79dc749 elementor-section-boxed elementor-section-height-default elementor-section-height-default\" data-id=\"79dc749\" data-element_type=\"section\">\n\t\t\t\t\t\t<div class=\"elementor-container elementor-column-gap-default\">\n\t\t\t\t\t<div class=\"elementor-column elementor-col-33 elementor-top-column elementor-element elementor-element-bdf3c38\" data-id=\"bdf3c38\" data-element_type=\"column\">\n\t\t\t<div class=\"elementor-widget-wrap elementor-element-populated\">\n\t\t\t\t\t\t\t\t<div class=\"elementor-element elementor-element-630e513 elementor-widget elementor-widget-image\" data-id=\"630e513\" data-element_type=\"widget\" data-widget_type=\"image.default\">\n\t\t\t\t<div class=\"elementor-widget-container\">\n\t\t\t\t\t\t\t\t\t\t\t\t\t\t\t<img loading=\"lazy\" decoding=\"async\" width=\"300\" height=\"201\" src=\"http:\/\/krajka.com\/wp-content\/uploads\/2023\/07\/milca_kal08-300x201.jpg\" class=\"attachment-medium size-medium wp-image-305\" alt=\"\" srcset=\"http:\/\/krajka.com\/wp-content\/uploads\/2023\/07\/milca_kal08-300x201.jpg 300w, http:\/\/krajka.com\/wp-content\/uploads\/2023\/07\/milca_kal08.jpg 422w\" sizes=\"auto, (max-width: 300px) 100vw, 300px\" \/>\t\t\t\t\t\t\t\t\t\t\t\t\t\t\t<\/div>\n\t\t\t\t<\/div>\n\t\t\t\t\t<\/div>\n\t\t<\/div>\n\t\t\t\t<div class=\"elementor-column elementor-col-66 elementor-top-column elementor-element elementor-element-81873a7\" data-id=\"81873a7\" data-element_type=\"column\">\n\t\t\t<div class=\"elementor-widget-wrap elementor-element-populated\">\n\t\t\t\t\t\t\t\t<div class=\"elementor-element elementor-element-2a44bd5 elementor-widget elementor-widget-text-editor\" data-id=\"2a44bd5\" data-element_type=\"widget\" data-widget_type=\"text-editor.default\">\n\t\t\t\t<div class=\"elementor-widget-container\">\n\t\t\t\t\t\t\t<p><span style=\"color: #3366ff;\"><strong>Ryby<br \/><\/strong><\/span>Kalend\u00e1\u0159 Mil\u010di Eremi\u00e1\u0161ov\u00e9 na rok 2009.<br \/><strong>Doprodej kalend\u00e1\u0159e &#8211; cena: 20 K\u010d<br \/><\/strong>Ke kalend\u00e1\u0159i lze objednat<strong>\u00a0podvinky &#8211; cena 200 K\u010d<\/strong><\/p><p><strong>Fische<br \/><\/strong>Kalender von Mil\u010da Eremi\u00e1\u0161ov\u00e1 2009.<br \/><strong>Kalender im Ausverkauf: 1 \u20ac<\/strong><br \/>Dazu kann man auch <strong>Kl\u00f6ppelbriefe<\/strong> bestellen <strong>&#8211; 8 \u20ac.<\/strong><\/p>\t\t\t\t\t\t<\/div>\n\t\t\t\t<\/div>\n\t\t\t\t\t<\/div>\n\t\t<\/div>\n\t\t\t\t\t\t\t<\/div>\n\t\t<\/section>\n\t\t\t\t<section class=\"elementor-section elementor-top-section elementor-element elementor-element-d1f1a17 elementor-section-boxed elementor-section-height-default elementor-section-height-default\" data-id=\"d1f1a17\" data-element_type=\"section\">\n\t\t\t\t\t\t<div class=\"elementor-container elementor-column-gap-default\">\n\t\t\t\t\t<div class=\"elementor-column elementor-col-33 elementor-top-column elementor-element elementor-element-2fb8797\" data-id=\"2fb8797\" data-element_type=\"column\">\n\t\t\t<div class=\"elementor-widget-wrap elementor-element-populated\">\n\t\t\t\t\t\t\t\t<div class=\"elementor-element elementor-element-8dcc9e9 elementor-widget elementor-widget-image\" data-id=\"8dcc9e9\" data-element_type=\"widget\" data-widget_type=\"image.default\">\n\t\t\t\t<div class=\"elementor-widget-container\">\n\t\t\t\t\t\t\t\t\t\t\t\t\t\t\t<img loading=\"lazy\" decoding=\"async\" width=\"210\" height=\"300\" src=\"http:\/\/krajka.com\/wp-content\/uploads\/2023\/07\/Kalendar-2008-210x300.jpg\" class=\"attachment-medium size-medium wp-image-286\" alt=\"\" srcset=\"http:\/\/krajka.com\/wp-content\/uploads\/2023\/07\/Kalendar-2008-210x300.jpg 210w, http:\/\/krajka.com\/wp-content\/uploads\/2023\/07\/Kalendar-2008-718x1024.jpg 718w, http:\/\/krajka.com\/wp-content\/uploads\/2023\/07\/Kalendar-2008-768x1095.jpg 768w, http:\/\/krajka.com\/wp-content\/uploads\/2023\/07\/Kalendar-2008.jpg 1063w\" sizes=\"auto, (max-width: 210px) 100vw, 210px\" \/>\t\t\t\t\t\t\t\t\t\t\t\t\t\t\t<\/div>\n\t\t\t\t<\/div>\n\t\t\t\t\t<\/div>\n\t\t<\/div>\n\t\t\t\t<div class=\"elementor-column elementor-col-66 elementor-top-column elementor-element elementor-element-5216883\" data-id=\"5216883\" data-element_type=\"column\">\n\t\t\t<div class=\"elementor-widget-wrap elementor-element-populated\">\n\t\t\t\t\t\t\t\t<div class=\"elementor-element elementor-element-8aca477 elementor-widget elementor-widget-text-editor\" data-id=\"8aca477\" data-element_type=\"widget\" data-widget_type=\"text-editor.default\">\n\t\t\t\t<div class=\"elementor-widget-container\">\n\t\t\t\t\t\t\t<p><span style=\"color: #3366ff;\"><strong>Baletn\u00ed dueta<br \/><\/strong><\/span>Kalend\u00e1\u0159 Zde\u0148ka Dole\u017eala na rok 2010. <br \/><strong>Kalend\u00e1\u0159 je ji\u017e vyprod\u00e1n, lze objednat podvinky &#8211; cena: 200 K\u010d<\/strong><\/p><p>Kalender von Zden\u011bk Dole\u017eal 2010.<br \/><strong>Nur Kl\u00f6ppelbriefe &#8211; Preis: 8 \u20ac<\/strong><\/p>\t\t\t\t\t\t<\/div>\n\t\t\t\t<\/div>\n\t\t\t\t\t<\/div>\n\t\t<\/div>\n\t\t\t\t\t\t\t<\/div>\n\t\t<\/section>\n\t\t\t\t<section class=\"elementor-section elementor-top-section elementor-element elementor-element-5b698ff elementor-section-boxed elementor-section-height-default elementor-section-height-default\" data-id=\"5b698ff\" data-element_type=\"section\">\n\t\t\t\t\t\t<div class=\"elementor-container elementor-column-gap-default\">\n\t\t\t\t\t<div class=\"elementor-column elementor-col-33 elementor-top-column elementor-element elementor-element-1cc7195\" data-id=\"1cc7195\" data-element_type=\"column\">\n\t\t\t<div class=\"elementor-widget-wrap elementor-element-populated\">\n\t\t\t\t\t\t\t\t<div class=\"elementor-element elementor-element-0293ffb elementor-widget elementor-widget-image\" data-id=\"0293ffb\" data-element_type=\"widget\" data-widget_type=\"image.default\">\n\t\t\t\t<div class=\"elementor-widget-container\">\n\t\t\t\t\t\t\t\t\t\t\t\t\t\t\t<img loading=\"lazy\" decoding=\"async\" width=\"218\" height=\"300\" src=\"http:\/\/krajka.com\/wp-content\/uploads\/2023\/07\/Kalendar-2007-218x300.jpg\" class=\"attachment-medium size-medium wp-image-285\" alt=\"\" srcset=\"http:\/\/krajka.com\/wp-content\/uploads\/2023\/07\/Kalendar-2007-218x300.jpg 218w, http:\/\/krajka.com\/wp-content\/uploads\/2023\/07\/Kalendar-2007-746x1024.jpg 746w, http:\/\/krajka.com\/wp-content\/uploads\/2023\/07\/Kalendar-2007-768x1055.jpg 768w, http:\/\/krajka.com\/wp-content\/uploads\/2023\/07\/Kalendar-2007.jpg 1058w\" sizes=\"auto, (max-width: 218px) 100vw, 218px\" \/>\t\t\t\t\t\t\t\t\t\t\t\t\t\t\t<\/div>\n\t\t\t\t<\/div>\n\t\t\t\t\t<\/div>\n\t\t<\/div>\n\t\t\t\t<div class=\"elementor-column elementor-col-66 elementor-top-column elementor-element elementor-element-b5d5d8e\" data-id=\"b5d5d8e\" data-element_type=\"column\">\n\t\t\t<div class=\"elementor-widget-wrap elementor-element-populated\">\n\t\t\t\t\t\t\t\t<div class=\"elementor-element elementor-element-2da7348 elementor-widget elementor-widget-text-editor\" data-id=\"2da7348\" data-element_type=\"widget\" data-widget_type=\"text-editor.default\">\n\t\t\t\t<div class=\"elementor-widget-container\">\n\t\t\t\t\t\t\t<p><span style=\"color: #3366ff;\"><strong>And\u011bl\u00e9<br \/><\/strong><\/span>Kalend\u00e1\u0159 Mil\u010di Eremi\u00e1\u0161ov\u00e9 na rok 2007. <br \/><strong>Kalend\u00e1\u0159 je ji\u017e vyprod\u00e1n, lze objednat podvinky &#8211; cena: 200 K\u010d<\/strong><\/p><p><strong>Engel<br \/><\/strong>Kl\u00f6ppelbriefe\u00a0zum Kalender von Mil\u010da Eremi\u00e1\u0161ov\u00e1. (Der Kalender ist schon ausverkauft.)<br \/><strong>Nur Kl\u00f6ppelbriefe &#8211; Preis: 8 \u20ac<\/strong><\/p>\t\t\t\t\t\t<\/div>\n\t\t\t\t<\/div>\n\t\t\t\t\t<\/div>\n\t\t<\/div>\n\t\t\t\t\t\t\t<\/div>\n\t\t<\/section>\n\t\t\t\t<section class=\"elementor-section elementor-top-section elementor-element elementor-element-e1f6591 elementor-section-boxed elementor-section-height-default elementor-section-height-default\" data-id=\"e1f6591\" data-element_type=\"section\">\n\t\t\t\t\t\t<div class=\"elementor-container elementor-column-gap-default\">\n\t\t\t\t\t<div class=\"elementor-column elementor-col-33 elementor-top-column elementor-element elementor-element-1382ff4\" data-id=\"1382ff4\" data-element_type=\"column\">\n\t\t\t<div class=\"elementor-widget-wrap elementor-element-populated\">\n\t\t\t\t\t\t\t\t<div class=\"elementor-element elementor-element-796b651 elementor-widget elementor-widget-image\" data-id=\"796b651\" data-element_type=\"widget\" data-widget_type=\"image.default\">\n\t\t\t\t<div class=\"elementor-widget-container\">\n\t\t\t\t\t\t\t\t\t\t\t\t\t\t\t<img loading=\"lazy\" decoding=\"async\" width=\"229\" height=\"300\" src=\"http:\/\/krajka.com\/wp-content\/uploads\/2023\/07\/kalendar-2006-229x300.jpg\" class=\"attachment-medium size-medium wp-image-284\" alt=\"\" srcset=\"http:\/\/krajka.com\/wp-content\/uploads\/2023\/07\/kalendar-2006-229x300.jpg 229w, http:\/\/krajka.com\/wp-content\/uploads\/2023\/07\/kalendar-2006.jpg 420w\" sizes=\"auto, (max-width: 229px) 100vw, 229px\" \/>\t\t\t\t\t\t\t\t\t\t\t\t\t\t\t<\/div>\n\t\t\t\t<\/div>\n\t\t\t\t\t<\/div>\n\t\t<\/div>\n\t\t\t\t<div class=\"elementor-column elementor-col-66 elementor-top-column elementor-element elementor-element-df42496\" data-id=\"df42496\" data-element_type=\"column\">\n\t\t\t<div class=\"elementor-widget-wrap elementor-element-populated\">\n\t\t\t\t\t\t\t\t<div class=\"elementor-element elementor-element-4d8e3dd elementor-widget elementor-widget-text-editor\" data-id=\"4d8e3dd\" data-element_type=\"widget\" data-widget_type=\"text-editor.default\">\n\t\t\t\t<div class=\"elementor-widget-container\">\n\t\t\t\t\t\t\t<p><span style=\"color: #3366ff;\"><strong>Postavy z poh\u00e1dek<br \/><\/strong><\/span>Kalend\u00e1\u0159 Zde\u0148ka Dole\u017eala na rok 2006.<br \/><strong>Kalend\u00e1\u0159 je ji\u017e vyprod\u00e1n, lze objednat podvinky &#8211; cena: 200 K\u010d<\/strong><\/p><p><strong>M\u00e4rchenfiguren<br \/><\/strong>Kl\u00f6ppelbriefe\u00a0zum Kalender von Zden\u011bk Dole\u017eal. (Der Kalender ist schon ausverkauft.)<br \/><strong>Nur Kl\u00f6ppelbriefe &#8211; Preis: 8 \u20ac<\/strong><\/p>\t\t\t\t\t\t<\/div>\n\t\t\t\t<\/div>\n\t\t\t\t\t<\/div>\n\t\t<\/div>\n\t\t\t\t\t\t\t<\/div>\n\t\t<\/section>\n\t\t\t\t<section class=\"elementor-section elementor-top-section elementor-element elementor-element-eb91a95 elementor-section-boxed elementor-section-height-default elementor-section-height-default\" data-id=\"eb91a95\" data-element_type=\"section\">\n\t\t\t\t\t\t<div class=\"elementor-container elementor-column-gap-default\">\n\t\t\t\t\t<div class=\"elementor-column elementor-col-33 elementor-top-column elementor-element elementor-element-410d8dc\" data-id=\"410d8dc\" data-element_type=\"column\">\n\t\t\t<div class=\"elementor-widget-wrap elementor-element-populated\">\n\t\t\t\t\t\t\t\t<div class=\"elementor-element elementor-element-3d4108a elementor-widget elementor-widget-image\" data-id=\"3d4108a\" data-element_type=\"widget\" data-widget_type=\"image.default\">\n\t\t\t\t<div class=\"elementor-widget-container\">\n\t\t\t\t\t\t\t\t\t\t\t\t\t\t\t<img loading=\"lazy\" decoding=\"async\" width=\"208\" height=\"300\" src=\"http:\/\/krajka.com\/wp-content\/uploads\/2023\/07\/Kalendar-2005-208x300.jpg\" class=\"attachment-medium size-medium wp-image-283\" alt=\"\" srcset=\"http:\/\/krajka.com\/wp-content\/uploads\/2023\/07\/Kalendar-2005-208x300.jpg 208w, http:\/\/krajka.com\/wp-content\/uploads\/2023\/07\/Kalendar-2005-711x1024.jpg 711w, http:\/\/krajka.com\/wp-content\/uploads\/2023\/07\/Kalendar-2005-768x1105.jpg 768w, http:\/\/krajka.com\/wp-content\/uploads\/2023\/07\/Kalendar-2005.jpg 1063w\" sizes=\"auto, (max-width: 208px) 100vw, 208px\" \/>\t\t\t\t\t\t\t\t\t\t\t\t\t\t\t<\/div>\n\t\t\t\t<\/div>\n\t\t\t\t\t<\/div>\n\t\t<\/div>\n\t\t\t\t<div class=\"elementor-column elementor-col-66 elementor-top-column elementor-element elementor-element-6f47f49\" data-id=\"6f47f49\" data-element_type=\"column\">\n\t\t\t<div class=\"elementor-widget-wrap elementor-element-populated\">\n\t\t\t\t\t\t\t\t<div class=\"elementor-element elementor-element-393dac6 elementor-widget elementor-widget-text-editor\" data-id=\"393dac6\" data-element_type=\"widget\" data-widget_type=\"text-editor.default\">\n\t\t\t\t<div class=\"elementor-widget-container\">\n\t\t\t\t\t\t\t<p><span style=\"color: #3366ff;\"><strong>Krajkov\u00fd herb\u00e1\u0159 Mil\u010di Eremi\u00e1\u0161ov\u00e9<br \/><\/strong><\/span>Kalend\u00e1\u0159 Mil\u010di Eremi\u00e1\u0161ov\u00e9 na rok 2005.<br \/><strong>Doprodej kalend\u00e1\u0159e &#8211; cena: 20 K\u010d<br \/><\/strong>Ke kalend\u00e1\u0159i lze objednat\u00a0<strong>podvinky &#8211; cena 120 K\u010d<\/strong><\/p><p><strong>Spitzen-Herbarium von Mil\u010da Eremi\u00e1\u0161ov\u00e1<\/strong><br \/>Kalender von Mil\u010da Eremi\u00e1\u0161ov\u00e1 2005.<br \/><strong>Kalender im Ausverkauf: 1 \u20ac<\/strong><br \/>Dazu kann man auch <strong>Kl\u00f6ppelbriefe<\/strong> bestellen &#8211; <strong>5 \u20ac<\/strong><\/p>\t\t\t\t\t\t<\/div>\n\t\t\t\t<\/div>\n\t\t\t\t\t<\/div>\n\t\t<\/div>\n\t\t\t\t\t\t\t<\/div>\n\t\t<\/section>\n\t\t\t\t<section class=\"elementor-section elementor-top-section elementor-element elementor-element-60c34b6 elementor-section-boxed elementor-section-height-default elementor-section-height-default\" data-id=\"60c34b6\" data-element_type=\"section\">\n\t\t\t\t\t\t<div class=\"elementor-container elementor-column-gap-default\">\n\t\t\t\t\t<div class=\"elementor-column elementor-col-33 elementor-top-column elementor-element elementor-element-63c5266\" data-id=\"63c5266\" data-element_type=\"column\">\n\t\t\t<div class=\"elementor-widget-wrap elementor-element-populated\">\n\t\t\t\t\t\t\t\t<div class=\"elementor-element elementor-element-61d16f9 elementor-widget elementor-widget-image\" data-id=\"61d16f9\" data-element_type=\"widget\" data-widget_type=\"image.default\">\n\t\t\t\t<div class=\"elementor-widget-container\">\n\t\t\t\t\t\t\t\t\t\t\t\t\t\t\t<img loading=\"lazy\" decoding=\"async\" width=\"208\" height=\"296\" src=\"http:\/\/krajka.com\/wp-content\/uploads\/2023\/07\/kalendar-dol.jpg\" class=\"attachment-medium size-medium wp-image-294\" alt=\"\" \/>\t\t\t\t\t\t\t\t\t\t\t\t\t\t\t<\/div>\n\t\t\t\t<\/div>\n\t\t\t\t\t<\/div>\n\t\t<\/div>\n\t\t\t\t<div class=\"elementor-column elementor-col-66 elementor-top-column elementor-element elementor-element-138f96e\" data-id=\"138f96e\" data-element_type=\"column\">\n\t\t\t<div class=\"elementor-widget-wrap elementor-element-populated\">\n\t\t\t\t\t\t\t\t<div class=\"elementor-element elementor-element-79ca1a4 elementor-widget elementor-widget-text-editor\" data-id=\"79ca1a4\" data-element_type=\"widget\" data-widget_type=\"text-editor.default\">\n\t\t\t\t<div class=\"elementor-widget-container\">\n\t\t\t\t\t\t\t<p><span style=\"color: #3366ff;\"><strong>\u010ctvero ro\u010dn\u00edch obdob\u00ed<br \/><\/strong><\/span>Kalend\u00e1\u0159 Zde\u0148ka Dole\u017eala na rok 2004.<br \/><strong>Doprodej kalend\u00e1\u0159e &#8211; cena: 20 K\u010d<br \/><\/strong>Ke kalend\u00e1\u0159i lze objednat<strong>\u00a0podvinky<\/strong> (figury z tituln\u00ed strany) &#8211; <strong>cena 95 K\u010d<\/strong><\/p><p><strong>Vier Jahreszeiten<br \/><\/strong>Kalender von Zden\u011bk Dole\u017eal 2004.<br \/><strong>Kalender im Ausverkauf: 1 \u20ac<br \/><\/strong>Dazu kann man auch <strong>Kl\u00f6ppelbriefe<\/strong> f\u00fcr die Figuren auf der Titelseite bestellen<strong> &#8211; 4 \u20ac.<\/strong><\/p>\t\t\t\t\t\t<\/div>\n\t\t\t\t<\/div>\n\t\t\t\t\t<\/div>\n\t\t<\/div>\n\t\t\t\t\t\t\t<\/div>\n\t\t<\/section>\n\t\t\t\t\t\t\t<\/div>\n\t\t","protected":false},"excerpt":{"rendered":"<p>Objednat m\u016f\u017eete na: redakce@krajka.com. Zas\u00edl\u00e1me i na dob\u00edrku. Po\u0161tovn\u00e9 nen\u00ed v cen\u011b publikac\u00ed. Info und Bestellungen bei der Redaktion:\u00a0redakce@krajka.com. Versandkosten sind nicht inbegriffen im Preis. Zv\u011brokruhSoubor podvink\u016f od Dany Beranov\u00e9 (s popisy).Cena: 150 K\u010d Preis: 6 \u20ac Kalend\u00e1\u0159 &#8211; Mil\u010da &hellip; <a href=\"http:\/\/krajka.com\/?page_id=222\">Cel\u00fd p\u0159\u00edsp\u011bvek <span class=\"meta-nav\">&rarr;<\/span><\/a><\/p>\n","protected":false},"author":1,"featured_media":0,"parent":0,"menu_order":0,"comment_status":"closed","ping_status":"closed","template":"","meta":{"_mi_skip_tracking":false,"footnotes":""},"class_list":["post-222","page","type-page","status-publish","hentry"],"_links":{"self":[{"href":"http:\/\/krajka.com\/index.php?rest_route=\/wp\/v2\/pages\/222","targetHints":{"allow":["GET"]}}],"collection":[{"href":"http:\/\/krajka.com\/index.php?rest_route=\/wp\/v2\/pages"}],"about":[{"href":"http:\/\/krajka.com\/index.php?rest_route=\/wp\/v2\/types\/page"}],"author":[{"embeddable":true,"href":"http:\/\/krajka.com\/index.php?rest_route=\/wp\/v2\/users\/1"}],"replies":[{"embeddable":true,"href":"http:\/\/krajka.com\/index.php?rest_route=%2Fwp%2Fv2%2Fcomments&post=222"}],"version-history":[{"count":6,"href":"http:\/\/krajka.com\/index.php?rest_route=\/wp\/v2\/pages\/222\/revisions"}],"predecessor-version":[{"id":522,"href":"http:\/\/krajka.com\/index.php?rest_route=\/wp\/v2\/pages\/222\/revisions\/522"}],"wp:attachment":[{"href":"http:\/\/krajka.com\/index.php?rest_route=%2Fwp%2Fv2%2Fmedia&parent=222"}],"curies":[{"name":"wp","href":"https:\/\/api.w.org\/{rel}","templated":true}]}}